{"id":403,"date":"2021-12-10T13:31:46","date_gmt":"2021-12-10T13:31:46","guid":{"rendered":"https:\/\/ar-imagetest.com\/cea\/?post_type=tribe_events&#038;p=403"},"modified":"2022-11-04T12:18:58","modified_gmt":"2022-11-04T12:18:58","slug":"fabien-de-geuser-le-management-par-la-confiance","status":"publish","type":"tribe_events","link":"https:\/\/ar-imagetest.com\/cea\/event\/fabien-de-geuser-le-management-par-la-confiance\/","title":{"rendered":"Fabien de Geuser &#8211; Le Management par la confiance"},"content":{"rendered":"<p><div class=\"fusion-fullwidth fullwidth-box fusion-builder-row-1 fusion-flex-container nonhundred-percent-fullwidth non-hundred-percent-height-scrolling\" style=\"--awb-border-radius-top-left:0px;--awb-border-radius-top-right:0px;--awb-border-radius-bottom-right:0px;--awb-border-radius-bottom-left:0px;--awb-padding-bottom:0px;--awb-margin-top:0px;--awb-flex-wrap:wrap;\" ><div class=\"fusion-builder-row fusion-row fusion-flex-align-items-flex-start fusion-flex-content-wrap\" style=\"max-width:1372.8px;margin-left: calc(-4% \/ 2 );margin-right: calc(-4% \/ 2 );\"><div class=\"fusion-layout-column fusion_builder_column fusion-builder-column-0 fusion_builder_column_2_3 2_3 fusion-flex-column\" style=\"--awb-padding-right:40px;--awb-bg-size:cover;--awb-width-large:66.666666666667%;--awb-margin-top-large:20px;--awb-spacing-right-large:2.88%;--awb-margin-bottom-large:4px;--awb-spacing-left-large:2.88%;--awb-width-medium:66.666666666667%;--awb-spacing-right-medium:2.88%;--awb-spacing-left-medium:2.88%;--awb-width-small:100%;--awb-spacing-right-small:1.92%;--awb-spacing-left-small:1.92%;\"><div class=\"fusion-column-wrapper fusion-column-has-shadow fusion-flex-justify-content-flex-start fusion-content-layout-column\"><div class=\"fusion-title title fusion-title-1 fusion-sep-none fusion-title-text fusion-title-size-four\" style=\"--awb-font-size:24px;\"><h4 class=\"fusion-title-heading title-heading-left fusion-responsive-typography-calculated\" style=\"margin:0;font-size:1em;--fontSize:24;line-height:1.2;\">\u00ab Faites-moi confiance ! \u00bb, \u00ab Ayez confiance en la strat\u00e9gie ! \u00bb, telles sont les incantations entendues dans les entreprises.<\/h4><\/div><div class=\"fusion-text fusion-text-1\" style=\"--awb-content-alignment:left;\"><p>Elles sont justifi\u00e9es car sans la confiance, rien ne peut advenir. Mais elles disent aussi la difficult\u00e9 des managers \u00e0 inspirer cette confiance, avec le risque que cette demande sans cesse r\u00e9it\u00e9r\u00e9e devienne suspecte.<\/p>\n<p>Elles sont justifi\u00e9es car sans la confiance, rien ne peut advenir. Mais elles disent aussi la difficult\u00e9 des managers \u00e0 inspirer cette confiance, avec le risque que cette demande sans cesse r\u00e9it\u00e9r\u00e9e devienne suspecte.<\/p>\n<p>Dans un monde turbulent o\u00f9 la diffusion d&#8217;un Langage manag\u00e9rial quelquefois ambivalent accro\u00eet encore davantage ce malaise, la responsabilit\u00e9 et la complexit\u00e9 de faire vivre la confiance dans le projet d&#8217;entreprise repose souvent sur les \u00e9paules des managers op\u00e9rationnels.<\/p>\n<p>Comment recr\u00e9er la confiance ? Pourquoi en avons-nous tant besoin ? Comment la d\u00e9velopper dans les \u00e9quipes et dans l&#8217;entreprise ? Comment inspirer confiance lorsque l&#8217;on est manager ? Comment faire confiance \u00e0 ses coll\u00e8gues ?<\/p>\n<p>Cet ouvrage, bas\u00e9 sur plus de 200 entretiens avec des managers, dont 20 dirigeants, propose une r\u00e9flexion mais aussi des solutions concr\u00e8tes, sous la forme de fiches pratiques, afin de permettre de lib\u00e9rer les \u00e9nergies et d&#8217;instaurer ou de restaurer la confiance dans les organisations.<\/p>\n<p>Postface de Myriam Maestroni, Pr\u00e9sidente d&#8217;\u00c9conomie d&#8217;\u00c9nergie<\/p>\n<\/div><\/div><\/div><div class=\"fusion-layout-column fusion_builder_column fusion-builder-column-1 fusion_builder_column_1_3 1_3 fusion-flex-column\" style=\"--awb-bg-size:cover;--awb-width-large:33.333333333333%;--awb-margin-top-large:20px;--awb-spacing-right-large:5.76%;--awb-margin-bottom-large:20px;--awb-spacing-left-large:5.76%;--awb-width-medium:33.333333333333%;--awb-spacing-right-medium:5.76%;--awb-spacing-left-medium:5.76%;--awb-width-small:100%;--awb-spacing-right-small:1.92%;--awb-spacing-left-small:1.92%;\"><div class=\"fusion-column-wrapper fusion-column-has-shadow fusion-flex-justify-content-flex-start fusion-content-layout-column\"><div class=\"fusion-image-element \" style=\"--awb-caption-title-font-family:var(--h2_typography-font-family);--awb-caption-title-font-weight:var(--h2_typography-font-weight);--awb-caption-title-font-style:var(--h2_typography-font-style);--awb-caption-title-size:var(--h2_typography-font-size);--awb-caption-title-transform:var(--h2_typography-text-transform);--awb-caption-title-line-height:var(--h2_typography-line-height);--awb-caption-title-letter-spacing:var(--h2_typography-letter-spacing);\"><span class=\" fusion-imageframe imageframe-none imageframe-1 hover-type-none\" style=\"border-radius:8px;\"><img decoding=\"async\" width=\"700\" height=\"924\" title=\"LeManagementParLaConfiance_web\" src=\"https:\/\/ar-imagetest.com\/cea\/wp-content\/uploads\/2019\/10\/LeManagementParLaConfiance_web.png\" data-orig-src=\"https:\/\/ar-imagetest.com\/cea\/wp-content\/uploads\/2019\/10\/LeManagementParLaConfiance_web.png\" alt class=\"lazyload img-responsive wp-image-8169\" srcset=\"data:image\/svg+xml,%3Csvg%20xmlns%3D%27http%3A%2F%2Fwww.w3.org%2F2000%2Fsvg%27%20width%3D%27700%27%20height%3D%27924%27%20viewBox%3D%270%200%20700%20924%27%3E%3Crect%20width%3D%27700%27%20height%3D%27924%27%20fill-opacity%3D%220%22%2F%3E%3C%2Fsvg%3E\" data-srcset=\"https:\/\/ar-imagetest.com\/cea\/wp-content\/uploads\/2019\/10\/LeManagementParLaConfiance_web-200x264.png 200w, https:\/\/ar-imagetest.com\/cea\/wp-content\/uploads\/2019\/10\/LeManagementParLaConfiance_web-400x528.png 400w, https:\/\/ar-imagetest.com\/cea\/wp-content\/uploads\/2019\/10\/LeManagementParLaConfiance_web-600x792.png 600w, https:\/\/ar-imagetest.com\/cea\/wp-content\/uploads\/2019\/10\/LeManagementParLaConfiance_web.png 700w\" data-sizes=\"auto\" data-orig-sizes=\"(max-width: 640px) 100vw, 400px\" \/><\/span><\/div><div class=\"fusion-title title fusion-title-2 fusion-sep-none fusion-title-text fusion-title-size-three\" style=\"--awb-font-size:24px;\"><h3 class=\"fusion-title-heading title-heading-left fusion-responsive-typography-calculated\" style=\"margin:0;font-size:1em;--fontSize:24;line-height:1.2;\"><p>LE MANAGEMENT PAR LA CONFIANCE<br \/>\nLes cl\u00e9s d&#8217;un leaderchip bienvieillant<\/p><\/h3><\/div><div class=\"fusion-text fusion-text-2\" style=\"--awb-font-size:16px;\"><p>\u00c9ditions Eyrolles &#8211; juin 2020<\/p>\n<\/div><div class=\"fusion-separator fusion-full-width-sep\" style=\"align-self: center;margin-left: auto;margin-right: auto;margin-top:30px;width:100%;\"><\/div><\/div><\/div><\/div><\/div><div class=\"fusion-fullwidth fullwidth-box fusion-builder-row-2 fusion-flex-container nonhundred-percent-fullwidth non-hundred-percent-height-scrolling\" style=\"--awb-border-radius-top-left:0px;--awb-border-radius-top-right:0px;--awb-border-radius-bottom-right:0px;--awb-border-radius-bottom-left:0px;--awb-padding-bottom:6%;--awb-margin-top:0px;--awb-flex-wrap:wrap;\" ><div class=\"fusion-builder-row fusion-row fusion-flex-align-items-flex-start fusion-flex-content-wrap\" style=\"max-width:1372.8px;margin-left: calc(-4% \/ 2 );margin-right: calc(-4% \/ 2 );\"><div class=\"fusion-layout-column fusion_builder_column fusion-builder-column-2 fusion_builder_column_1_1 1_1 fusion-flex-column\" style=\"--awb-padding-top:23px;--awb-bg-size:cover;--awb-width-large:100%;--awb-margin-top-large:6px;--awb-spacing-right-large:1.92%;--awb-margin-bottom-large:3px;--awb-spacing-left-large:1.92%;--awb-width-medium:100%;--awb-order-medium:0;--awb-spacing-right-medium:1.92%;--awb-spacing-left-medium:1.92%;--awb-width-small:100%;--awb-order-small:0;--awb-spacing-right-small:1.92%;--awb-spacing-left-small:1.92%;\"><div class=\"fusion-column-wrapper fusion-column-has-shadow fusion-flex-justify-content-flex-start fusion-content-layout-column\"><div class=\"fusion-text fusion-text-3\"><p style=\"text-align: center;\"><span style=\"color: #a794a4;\"><strong>AUTEUR<\/strong><\/span><\/p>\n<\/div><div class=\"fusion-title title fusion-title-3 fusion-sep-none fusion-title-center fusion-title-text fusion-title-size-two\" style=\"--awb-margin-top:-30px;--awb-margin-top-small:0px;\"><h2 class=\"fusion-title-heading title-heading-center fusion-responsive-typography-calculated\" style=\"margin:0;--fontSize:45;line-height:1.14;\">Fabien de Geuser<\/h2><\/div><\/div><\/div><div class=\"fusion-layout-column fusion_builder_column fusion-builder-column-3 fusion_builder_column_1_1 1_1 fusion-flex-column fusion-animated\" style=\"--awb-padding-top:7px;--awb-padding-right:32px;--awb-padding-bottom:16px;--awb-padding-left:32px;--awb-overflow:hidden;--awb-bg-color:#ffffff;--awb-bg-color-hover:#ffffff;--awb-bg-size:cover;--awb-box-shadow:0px 20px 26px 0px rgba(0,0,0,0.19);;--awb-border-radius:8px 8px 8px 8px;--awb-width-large:100%;--awb-margin-top-large:0px;--awb-spacing-right-large:12px;--awb-margin-bottom-large:24px;--awb-spacing-left-large:1.92%;--awb-width-medium:100%;--awb-spacing-right-medium:12px;--awb-spacing-left-medium:1.92%;--awb-width-small:100%;--awb-spacing-right-small:1.92%;--awb-spacing-left-small:1.92%;\" data-animationType=\"fadeInLeft\" data-animationDuration=\"1.0\" data-animationOffset=\"top-into-view\"><div class=\"fusion-column-wrapper fusion-column-has-shadow fusion-flex-justify-content-flex-start fusion-content-layout-column\"><div class=\"fusion-builder-row fusion-builder-row-inner fusion-row fusion-flex-align-items-flex-start fusion-flex-content-wrap\" style=\"width:104% !important;max-width:104% !important;margin-left: calc(-4% \/ 2 );margin-right: calc(-4% \/ 2 );\"><div class=\"fusion-layout-column fusion_builder_column_inner fusion-builder-nested-column-0 fusion_builder_column_inner_1_3 1_3 fusion-flex-column\" style=\"--awb-bg-size:cover;--awb-width-large:33.333333333333%;--awb-margin-top-large:20px;--awb-spacing-right-large:5.76%;--awb-margin-bottom-large:20px;--awb-spacing-left-large:5.76%;--awb-width-medium:33.333333333333%;--awb-order-medium:0;--awb-spacing-right-medium:5.76%;--awb-spacing-left-medium:5.76%;--awb-width-small:100%;--awb-order-small:0;--awb-spacing-right-small:1.92%;--awb-spacing-left-small:1.92%;\"><div class=\"fusion-column-wrapper fusion-column-has-shadow fusion-flex-justify-content-flex-start fusion-content-layout-column\"><div class=\"fusion-image-element \" style=\"text-align:center;--awb-max-width:200px;--awb-caption-title-font-family:var(--h2_typography-font-family);--awb-caption-title-font-weight:var(--h2_typography-font-weight);--awb-caption-title-font-style:var(--h2_typography-font-style);--awb-caption-title-size:var(--h2_typography-font-size);--awb-caption-title-transform:var(--h2_typography-text-transform);--awb-caption-title-line-height:var(--h2_typography-line-height);--awb-caption-title-letter-spacing:var(--h2_typography-letter-spacing);\"><span class=\" fusion-imageframe imageframe-none imageframe-2 hover-type-zoomout fusion-animated\" style=\"border-radius:8%;\" data-animationType=\"fadeInDown\" data-animationDuration=\"1.0\" data-animationOffset=\"top-into-view\"><img decoding=\"async\" width=\"800\" height=\"800\" title=\"FabienDeGeuser\" src=\"https:\/\/ar-imagetest.com\/cea\/wp-content\/uploads\/2019\/10\/FabienDeGeuser.jpeg\" data-orig-src=\"https:\/\/ar-imagetest.com\/cea\/wp-content\/uploads\/2019\/10\/FabienDeGeuser.jpeg\" alt class=\"lazyload img-responsive wp-image-8170\" srcset=\"data:image\/svg+xml,%3Csvg%20xmlns%3D%27http%3A%2F%2Fwww.w3.org%2F2000%2Fsvg%27%20width%3D%27800%27%20height%3D%27800%27%20viewBox%3D%270%200%20800%20800%27%3E%3Crect%20width%3D%27800%27%20height%3D%27800%27%20fill-opacity%3D%220%22%2F%3E%3C%2Fsvg%3E\" data-srcset=\"https:\/\/ar-imagetest.com\/cea\/wp-content\/uploads\/2019\/10\/FabienDeGeuser-200x200.jpeg 200w, https:\/\/ar-imagetest.com\/cea\/wp-content\/uploads\/2019\/10\/FabienDeGeuser-400x400.jpeg 400w, https:\/\/ar-imagetest.com\/cea\/wp-content\/uploads\/2019\/10\/FabienDeGeuser-600x600.jpeg 600w, https:\/\/ar-imagetest.com\/cea\/wp-content\/uploads\/2019\/10\/FabienDeGeuser.jpeg 800w\" data-sizes=\"auto\" data-orig-sizes=\"(max-width: 640px) 100vw, 400px\" \/><\/span><\/div><div class=\"fusion-text fusion-text-4\"><p style=\"text-align: center;\">Associate Professor,<br \/>\nESCP Europe<\/p>\n<\/div><div class=\"fusion-social-links fusion-social-links-1\" style=\"--awb-margin-top:0px;--awb-margin-right:0px;--awb-margin-bottom:0px;--awb-margin-left:0px;--awb-alignment:center;--awb-box-border-top:0px;--awb-box-border-right:0px;--awb-box-border-bottom:0px;--awb-box-border-left:0px;--awb-icon-colors-hover:rgba(190,189,189,0.8);--awb-box-colors-hover:rgba(232,232,232,0.8);--awb-box-border-color:var(--awb-color3);--awb-box-border-color-hover:var(--awb-color4);\"><div class=\"fusion-social-networks color-type-custom\"><div class=\"fusion-social-networks-wrapper\"><a class=\"fusion-social-network-icon fusion-tooltip fusion-linkedin awb-icon-linkedin\" style=\"color:#bebdbd;font-size:20px;\" data-placement=\"bottom\" data-title=\"LinkedIn\" data-toggle=\"tooltip\" title=\"LinkedIn\" aria-label=\"linkedin\" target=\"_blank\" rel=\"noopener noreferrer\" href=\"linkedin.com\/in\/fabien-de-geuser-41220a25\"><\/a><\/div><\/div><\/div><\/div><\/div><div class=\"fusion-layout-column fusion_builder_column_inner fusion-builder-nested-column-1 fusion_builder_column_inner_2_3 2_3 fusion-flex-column\" style=\"--awb-bg-size:cover;--awb-width-large:66.666666666667%;--awb-margin-top-large:20px;--awb-spacing-right-large:2.88%;--awb-margin-bottom-large:20px;--awb-spacing-left-large:2.88%;--awb-width-medium:66.666666666667%;--awb-order-medium:0;--awb-spacing-right-medium:2.88%;--awb-spacing-left-medium:2.88%;--awb-width-small:100%;--awb-order-small:0;--awb-spacing-right-small:1.92%;--awb-spacing-left-small:1.92%;\"><div class=\"fusion-column-wrapper fusion-column-has-shadow fusion-flex-justify-content-flex-start fusion-content-layout-column\"><div class=\"fusion-text fusion-text-5\"><p>Fabien de Geuser est professeur associ\u00e9 au d\u00e9partement Contr\u00f4le de gestion du campus ESCP Business School de Paris. Ses recherches portent sur l&#8217;adaptation ergonomique des outils de gestion aux besoins du dirigeant et sur les repr\u00e9sentations du travail en comptabilit\u00e9 de gestion.<\/p>\n<\/div><\/div><\/div><\/div><\/div><\/div><\/div><\/div><\/p>\n","protected":false},"excerpt":{"rendered":"","protected":false},"author":1,"featured_media":5183,"comment_status":"open","ping_status":"closed","template":"","meta":{"_monsterinsights_skip_tracking":false,"_monsterinsights_sitenote_active":false,"_monsterinsights_sitenote_note":"","_monsterinsights_sitenote_category":0,"_price":"","_stock":"","_tribe_ticket_header":"","_tribe_default_ticket_provider":"","_tribe_ticket_capacity":"0","_ticket_start_date":"","_ticket_end_date":"","_tribe_ticket_show_description":"","_tribe_ticket_show_not_going":false,"_tribe_ticket_use_global_stock":"","_tribe_ticket_global_stock_level":"","_global_stock_mode":"","_global_stock_cap":"","_tribe_rsvp_for_event":"","_tribe_ticket_going_count":"","_tribe_ticket_not_going_count":"","_tribe_tickets_list":[],"_tribe_ticket_has_attendee_info_fields":false,"_tribe_events_status":"","_tribe_events_status_reason":""},"tags":[104],"tribe_events_cat":[21],"yoast_head":"<!-- This site is optimized with the Yoast SEO plugin v21.7 - https:\/\/yoast.com\/wordpress\/plugins\/seo\/ -->\n<title>Fabien de Geuser - Le Management par la confiance - Ar-imagetest-Cercle d&#039;\u00c9thique des Affaires<\/title>\n<meta name=\"robots\" content=\"index, follow, max-snippet:-1, max-image-preview:large, max-video-preview:-1\" \/>\n<link rel=\"canonical\" href=\"https:\/\/ar-imagetest.com\/cea\/event\/fabien-de-geuser-le-management-par-la-confiance\/\" \/>\n<meta property=\"og:locale\" content=\"fr_FR\" \/>\n<meta property=\"og:type\" content=\"article\" \/>\n<meta property=\"og:title\" content=\"Fabien de Geuser - Le Management par la confiance - Ar-imagetest-Cercle d&#039;\u00c9thique des Affaires\" \/>\n<meta property=\"og:url\" content=\"https:\/\/ar-imagetest.com\/cea\/event\/fabien-de-geuser-le-management-par-la-confiance\/\" \/>\n<meta property=\"og:site_name\" content=\"Ar-imagetest-Cercle d&#039;\u00c9thique des Affaires\" \/>\n<meta property=\"article:modified_time\" content=\"2022-11-04T12:18:58+00:00\" \/>\n<meta property=\"og:image\" content=\"https:\/\/ar-imagetest.com\/cea\/wp-content\/uploads\/2020\/11\/PhotosEvenements_Lib2.jpg\" \/>\n\t<meta property=\"og:image:width\" content=\"1990\" \/>\n\t<meta property=\"og:image:height\" content=\"1154\" \/>\n\t<meta property=\"og:image:type\" content=\"image\/jpeg\" \/>\n<meta name=\"twitter:card\" content=\"summary_large_image\" \/>\n<meta name=\"twitter:label1\" content=\"Dur\u00e9e de lecture estim\u00e9e\" \/>\n\t<meta name=\"twitter:data1\" content=\"7 minutes\" \/>\n<script type=\"application\/ld+json\" class=\"yoast-schema-graph\">{\"@context\":\"https:\/\/schema.org\",\"@graph\":[{\"@type\":\"WebPage\",\"@id\":\"https:\/\/ar-imagetest.com\/cea\/event\/fabien-de-geuser-le-management-par-la-confiance\/\",\"url\":\"https:\/\/ar-imagetest.com\/cea\/event\/fabien-de-geuser-le-management-par-la-confiance\/\",\"name\":\"Fabien de Geuser - Le Management par la confiance - Ar-imagetest-Cercle d&#039;\u00c9thique des Affaires\",\"isPartOf\":{\"@id\":\"https:\/\/ar-imagetest.com\/cea\/#website\"},\"datePublished\":\"2021-12-10T13:31:46+00:00\",\"dateModified\":\"2022-11-04T12:18:58+00:00\",\"breadcrumb\":{\"@id\":\"https:\/\/ar-imagetest.com\/cea\/event\/fabien-de-geuser-le-management-par-la-confiance\/#breadcrumb\"},\"inLanguage\":\"fr-FR\",\"potentialAction\":[{\"@type\":\"ReadAction\",\"target\":[\"https:\/\/ar-imagetest.com\/cea\/event\/fabien-de-geuser-le-management-par-la-confiance\/\"]}]},{\"@type\":\"BreadcrumbList\",\"@id\":\"https:\/\/ar-imagetest.com\/cea\/event\/fabien-de-geuser-le-management-par-la-confiance\/#breadcrumb\",\"itemListElement\":[{\"@type\":\"ListItem\",\"position\":1,\"name\":\"Home\",\"item\":\"https:\/\/ar-imagetest.com\/cea\/\"},{\"@type\":\"ListItem\",\"position\":2,\"name\":\"\u00c9v\u00e8nements\",\"item\":\"https:\/\/ar-imagetest.com\/cea\/events\/\"},{\"@type\":\"ListItem\",\"position\":3,\"name\":\"Fabien de Geuser &#8211; Le Management par la confiance\"}]},{\"@type\":\"WebSite\",\"@id\":\"https:\/\/ar-imagetest.com\/cea\/#website\",\"url\":\"https:\/\/ar-imagetest.com\/cea\/\",\"name\":\"Ar-imagetest-Cercle d&#039;\u00c9thique des Affaires\",\"description\":\"Ethique &amp; Conformit\u00e9 des Entreprises\",\"potentialAction\":[{\"@type\":\"SearchAction\",\"target\":{\"@type\":\"EntryPoint\",\"urlTemplate\":\"https:\/\/ar-imagetest.com\/cea\/?s={search_term_string}\"},\"query-input\":\"required name=search_term_string\"}],\"inLanguage\":\"fr-FR\"}]}<\/script>\n<!-- \/ Yoast SEO plugin. -->","yoast_head_json":{"title":"Fabien de Geuser - Le Management par la confiance - Ar-imagetest-Cercle d&#039;\u00c9thique des Affaires","robots":{"index":"index","follow":"follow","max-snippet":"max-snippet:-1","max-image-preview":"max-image-preview:large","max-video-preview":"max-video-preview:-1"},"canonical":"https:\/\/ar-imagetest.com\/cea\/event\/fabien-de-geuser-le-management-par-la-confiance\/","og_locale":"fr_FR","og_type":"article","og_title":"Fabien de Geuser - Le Management par la confiance - Ar-imagetest-Cercle d&#039;\u00c9thique des Affaires","og_url":"https:\/\/ar-imagetest.com\/cea\/event\/fabien-de-geuser-le-management-par-la-confiance\/","og_site_name":"Ar-imagetest-Cercle d&#039;\u00c9thique des Affaires","article_modified_time":"2022-11-04T12:18:58+00:00","og_image":[{"width":1990,"height":1154,"url":"https:\/\/ar-imagetest.com\/cea\/wp-content\/uploads\/2020\/11\/PhotosEvenements_Lib2.jpg","type":"image\/jpeg"}],"twitter_card":"summary_large_image","twitter_misc":{"Dur\u00e9e de lecture estim\u00e9e":"7 minutes"},"schema":{"@context":"https:\/\/schema.org","@graph":[{"@type":"WebPage","@id":"https:\/\/ar-imagetest.com\/cea\/event\/fabien-de-geuser-le-management-par-la-confiance\/","url":"https:\/\/ar-imagetest.com\/cea\/event\/fabien-de-geuser-le-management-par-la-confiance\/","name":"Fabien de Geuser - Le Management par la confiance - Ar-imagetest-Cercle d&#039;\u00c9thique des Affaires","isPartOf":{"@id":"https:\/\/ar-imagetest.com\/cea\/#website"},"datePublished":"2021-12-10T13:31:46+00:00","dateModified":"2022-11-04T12:18:58+00:00","breadcrumb":{"@id":"https:\/\/ar-imagetest.com\/cea\/event\/fabien-de-geuser-le-management-par-la-confiance\/#breadcrumb"},"inLanguage":"fr-FR","potentialAction":[{"@type":"ReadAction","target":["https:\/\/ar-imagetest.com\/cea\/event\/fabien-de-geuser-le-management-par-la-confiance\/"]}]},{"@type":"BreadcrumbList","@id":"https:\/\/ar-imagetest.com\/cea\/event\/fabien-de-geuser-le-management-par-la-confiance\/#breadcrumb","itemListElement":[{"@type":"ListItem","position":1,"name":"Home","item":"https:\/\/ar-imagetest.com\/cea\/"},{"@type":"ListItem","position":2,"name":"\u00c9v\u00e8nements","item":"https:\/\/ar-imagetest.com\/cea\/events\/"},{"@type":"ListItem","position":3,"name":"Fabien de Geuser &#8211; Le Management par la confiance"}]},{"@type":"WebSite","@id":"https:\/\/ar-imagetest.com\/cea\/#website","url":"https:\/\/ar-imagetest.com\/cea\/","name":"Ar-imagetest-Cercle d&#039;\u00c9thique des Affaires","description":"Ethique &amp; Conformit\u00e9 des Entreprises","potentialAction":[{"@type":"SearchAction","target":{"@type":"EntryPoint","urlTemplate":"https:\/\/ar-imagetest.com\/cea\/?s={search_term_string}"},"query-input":"required name=search_term_string"}],"inLanguage":"fr-FR"}]}},"jetpack_sharing_enabled":true,"ticketed":["rsvp"],"_links":{"self":[{"href":"https:\/\/ar-imagetest.com\/cea\/wp-json\/wp\/v2\/tribe_events\/403"}],"collection":[{"href":"https:\/\/ar-imagetest.com\/cea\/wp-json\/wp\/v2\/tribe_events"}],"about":[{"href":"https:\/\/ar-imagetest.com\/cea\/wp-json\/wp\/v2\/types\/tribe_events"}],"author":[{"embeddable":true,"href":"https:\/\/ar-imagetest.com\/cea\/wp-json\/wp\/v2\/users\/1"}],"replies":[{"embeddable":true,"href":"https:\/\/ar-imagetest.com\/cea\/wp-json\/wp\/v2\/comments?post=403"}],"version-history":[{"count":9,"href":"https:\/\/ar-imagetest.com\/cea\/wp-json\/wp\/v2\/tribe_events\/403\/revisions"}],"predecessor-version":[{"id":8174,"href":"https:\/\/ar-imagetest.com\/cea\/wp-json\/wp\/v2\/tribe_events\/403\/revisions\/8174"}],"wp:featuredmedia":[{"embeddable":true,"href":"https:\/\/ar-imagetest.com\/cea\/wp-json\/wp\/v2\/media\/5183"}],"wp:attachment":[{"href":"https:\/\/ar-imagetest.com\/cea\/wp-json\/wp\/v2\/media?parent=403"}],"wp:term":[{"taxonomy":"post_tag","embeddable":true,"href":"https:\/\/ar-imagetest.com\/cea\/wp-json\/wp\/v2\/tags?post=403"},{"taxonomy":"tribe_events_cat","embeddable":true,"href":"https:\/\/ar-imagetest.com\/cea\/wp-json\/wp\/v2\/tribe_events_cat?post=403"}],"curies":[{"name":"wp","href":"https:\/\/api.w.org\/{rel}","templated":true}]}}