{"id":6457,"date":"2019-12-18T22:53:01","date_gmt":"2019-12-18T22:53:01","guid":{"rendered":"https:\/\/ar-imagetest.com\/cea\/?post_type=avada_portfolio&#038;p=6457"},"modified":"2021-01-19T15:36:18","modified_gmt":"2021-01-19T15:36:18","slug":"valeurs-dentreprise-comment-definir-et-faire-vivre-ce-projet-strategique-pour-lentreprise","status":"publish","type":"avada_portfolio","link":"https:\/\/ar-imagetest.com\/cea\/cea-publications\/valeurs-dentreprise-comment-definir-et-faire-vivre-ce-projet-strategique-pour-lentreprise\/","title":{"rendered":"Valeurs d\u2019entreprise : comment d\u00e9finir et faire vivre ce projet strat\u00e9gique pour l\u2019entreprise"},"content":{"rendered":"<div class=\"fusion-fullwidth fullwidth-box fusion-builder-row-1 fusion-flex-container nonhundred-percent-fullwidth non-hundred-percent-height-scrolling\" style=\"--awb-border-radius-top-left:0px;--awb-border-radius-top-right:0px;--awb-border-radius-bottom-right:0px;--awb-border-radius-bottom-left:0px;--awb-padding-right-small:0px;--awb-padding-left-small:0px;--awb-flex-wrap:wrap;\" ><div class=\"fusion-builder-row fusion-row fusion-flex-align-items-flex-start fusion-flex-justify-content-center fusion-flex-content-wrap\" style=\"max-width:1372.8px;margin-left: calc(-4% \/ 2 );margin-right: calc(-4% \/ 2 );\"><div class=\"fusion-layout-column fusion_builder_column fusion-builder-column-0 fusion_builder_column_2_3 2_3 fusion-flex-column\" style=\"--awb-bg-size:cover;--awb-width-large:66.666666666667%;--awb-margin-top-large:20px;--awb-spacing-right-large:2.88%;--awb-margin-bottom-large:20px;--awb-spacing-left-large:2.88%;--awb-width-medium:83.333333333333%;--awb-order-medium:0;--awb-spacing-right-medium:2.304%;--awb-spacing-left-medium:2.304%;--awb-width-small:100%;--awb-order-small:0;--awb-margin-top-small:0px;--awb-spacing-right-small:1.92%;--awb-spacing-left-small:1.92%;\"><div class=\"fusion-column-wrapper fusion-column-has-shadow fusion-flex-justify-content-flex-start fusion-content-layout-column\"><div class=\"fusion-text fusion-text-1\" style=\"--awb-content-alignment:left;\"><p><strong>D\u00e9finir les valeurs de son entreprise est un v\u00e9ritable projet strat\u00e9gique : un projet qu\u2019il faut prendre le temps de construire et de faire vivre dans l\u2019organisation. Voici quelques \u00e9l\u00e9ments de r\u00e9flexion pour mieux savoir comment s\u2019y prendre !<\/strong><\/p>\n<\/div><div class=\"fusion-separator fusion-full-width-sep\" style=\"align-self: center;margin-left: auto;margin-right: auto;margin-bottom:24px;width:100%;\"><\/div><div class=\"fusion-text fusion-text-2\" style=\"--awb-content-alignment:left;\"><p>De plus en plus d\u2019entreprises cherchent \u00e0 d\u00e9finir leurs valeurs, c\u2019est-\u00e0-dire les grands principes qui guideront leurs orientations strat\u00e9giques et leurs actions op\u00e9rationnelles. Pour une entreprise, se doter de valeurs claires permet de poursuivre plusieurs objectifs : clarifier le positionnement et l\u2019ADN de l\u2019organisation, se donner une ligne directrice partag\u00e9e, donner du sens \u00e0 l\u2019action, renforcer la coh\u00e9sion des \u00e9quipes\u2026<\/p>\n<p>Si mettre des mots sur les valeurs qui animent une entreprise peut para\u00eetre simple en apparence, l\u2019exercice peut, en r\u00e9alit\u00e9, vite devenir complexe. Dans un monde o\u00f9 les changements (\u00e9conomiques, sociaux, technologiques, r\u00e9glementaires) sont de plus en plus rapides, d\u00e9finir des valeurs p\u00e9rennes qui r\u00e9sisteront \u00e0 l\u2019\u00e9preuve du temps, et s\u2019y identifier ensuite, demeure pour une entreprise un v\u00e9ritable chantier, qui implique de prendre du recul et d\u2019\u00eatre capable de faire travailler ensemble les diff\u00e9rents m\u00e9tiers de l\u2019entreprise.<\/p>\n<\/div><div class=\"fusion-title title fusion-title-1 fusion-sep-none fusion-title-text fusion-title-size-three\" style=\"--awb-margin-top:48px;--awb-margin-bottom:20px;--awb-margin-top-small:48px;\"><h3 class=\"fusion-title-heading title-heading-left fusion-responsive-typography-calculated\" style=\"margin:0;--fontSize:32;line-height:1.26;\"><strong>D\u00e9finir ses valeurs d\u2019entreprise : un travail de fond<\/strong><\/h3><\/div><div class=\"fusion-text fusion-text-3\" style=\"--awb-content-alignment:left;\"><p>Choisir des valeurs pour une entreprise, ce n\u2019est pas simplement mettre bout \u00e0 bout des mots au hasard simplement car ils ont une r\u00e9sonance marketing.<\/p>\n<\/div><div class=\"fusion-title title fusion-title-2 fusion-sep-none fusion-title-text fusion-title-size-three\" style=\"--awb-margin-top:48px;--awb-margin-bottom:20px;--awb-margin-top-small:48px;\"><h3 class=\"fusion-title-heading title-heading-left fusion-responsive-typography-calculated\" style=\"margin:0;--fontSize:32;line-height:1.26;\">Un projet \u00e0 valeur strat\u00e9gique pour l\u2019entreprise<\/h3><\/div><div class=\"fusion-text fusion-text-4\" style=\"--awb-content-alignment:left;\"><p>L\u2019exercice implique au contraire un v\u00e9ritable travail de r\u00e9flexion sur la vision strat\u00e9gique de l\u2019entreprise. Or sur ce sujet, les entreprises sont d\u00e9j\u00e0 en pleine \u00e9bullition : on r\u00e9fl\u00e9chit d\u00e9j\u00e0 sur la raison d\u2019\u00eatre, la culture d\u2019entreprise ou encore l\u2019identit\u00e9 de marque. Au milieu de ce \u201cmille-feuille\u201d de r\u00e9f\u00e9rentiels, les \u201cvaleurs\u201d ne doivent pas simplement \u00eatre une nouvelle couche, sans existence op\u00e9rationnelle concr\u00e8te. Elles doivent \u00eatre pens\u00e9es en coh\u00e9rence avec un projet strat\u00e9gique global.<\/p>\n<p>D\u00e9finir ses valeurs revient \u00e0 se poser des questions fondamentales : quel est le projet de l\u2019entreprise \u00e0 moyen, long-terme, de quelle mani\u00e8re compte-t-elle y parvenir, quels sont les principes d\u2019action et les principes moraux qui doivent guider ce projet, etc. Ces interrogations doivent faire l\u2019objet d\u2019une \u00e9tude en profondeur impliquant toutes les directions de l\u2019entreprise.<\/p>\n<p>Ainsi un projet de d\u00e9finition des valeurs d\u2019entreprise doit se faire sur le temps long, plusieurs mois voire parfois plusieurs ann\u00e9es. Il doit impliquer les diff\u00e9rentes directions de l\u2019entreprise dans une r\u00e9flexion commune, en accord avec les autres r\u00e9flexions strat\u00e9giques.<\/p>\n<\/div><div class=\"fusion-title title fusion-title-3 fusion-sep-none fusion-title-text fusion-title-size-three\" style=\"--awb-margin-top:48px;--awb-margin-bottom:20px;--awb-margin-top-small:48px;\"><h3 class=\"fusion-title-heading title-heading-left fusion-responsive-typography-calculated\" style=\"margin:0;--fontSize:32;line-height:1.26;\">Travailler sur le sens des mots<\/h3><\/div><div class=\"fusion-text fusion-text-5\" style=\"--awb-content-alignment:left;\"><p>Et ce travail de long terme doit \u00eatre, peut-\u00eatre avant tout, un travail sur le sens des mots. \u00c0 l\u2019heure de la communication instantan\u00e9e, r\u00e9fl\u00e9chir sur ses valeurs revient \u00e0 faire un pas de c\u00f4t\u00e9 et \u00e0 prendre le temps de comprendre, de peser le sens pr\u00e9cis des mots, de leur \u00e9tymologie et de leurs implications s\u00e9mantiques.<\/p>\n<p>Les termes choisis doivent refl\u00e9ter des valeurs \u00eatre claires, authentiques et compr\u00e9hensibles et ne sauraient \u00eatre le simple reflet d\u2019une op\u00e9ration marketing ou de communication. Ainsi, il est recommand\u00e9 que celles-ci aient une r\u00e9sonance avec les activit\u00e9s de l\u2019entreprise, sa culture et ses pratiques op\u00e9rationnelles. Enfin, elles doivent pouvoir \u00eatre traduites en principes d\u2019actions, si possible de mani\u00e8re assez simple.<\/p>\n<p>Ce travail de s\u00e9mantique, qui peut para\u00eetre \u00e0 premi\u00e8re vue long et fastidieux, reste cependant un pr\u00e9requis indispensable pour structurer un projet coh\u00e9rent de d\u00e9finition des valeurs d\u2019entreprise.<\/p>\n<\/div><div class=\"fusion-title title fusion-title-4 fusion-sep-none fusion-title-text fusion-title-size-three\" style=\"--awb-margin-top:48px;--awb-margin-bottom:20px;--awb-margin-top-small:48px;\"><h3 class=\"fusion-title-heading title-heading-left fusion-responsive-typography-calculated\" style=\"margin:0;--fontSize:32;line-height:1.26;\"><strong>D\u00e9finir des valeurs communes aux divers m\u00e9tiers de l\u2019entreprise<\/strong><\/h3><\/div><div class=\"fusion-text fusion-text-6\" style=\"--awb-content-alignment:left;\"><p>Tout ce travail pr\u00e9alable implique aussi de faire travailler en commun les diff\u00e9rents m\u00e9tiers et fonctions de l\u2019entreprise, et ainsi de briser les silos qui peuvent exister dans l\u2019organisation.<\/p>\n<\/div><div class=\"fusion-title title fusion-title-5 fusion-sep-none fusion-title-text fusion-title-size-three\" style=\"--awb-margin-top:48px;--awb-margin-bottom:20px;--awb-margin-top-small:48px;\"><h3 class=\"fusion-title-heading title-heading-left fusion-responsive-typography-calculated\" style=\"margin:0;--fontSize:32;line-height:1.26;\">Valeurs d\u2019entreprise : d\u00e9passer les silos de l\u2019organisation<\/h3><\/div><div class=\"fusion-text fusion-text-7\" style=\"--awb-content-alignment:left;\"><p>Les valeurs d\u2019entreprise constituent un socle de principes communs auquel chacun des collaborateurs doit pouvoir s\u2019identifier. \u00c0 ce titre, il s\u2019av\u00e8re important de d\u00e9finir en premier lieu quel(s) service(s) seront au c\u0153ur de la d\u00e9marche d\u2019identification des valeurs d\u2019entreprise.<\/p>\n<p>\u00c9videmment, un projet de d\u00e9finition des valeurs d\u2019entreprise doit n\u00e9cessairement recevoir l\u2019appui et l\u2019investissement des dirigeants de l\u2019entreprise, qui doivent porter ce projet et y apporter leur vision.<\/p>\n<p>Mais il doit s\u2019inscrire \u00e9galement dans un processus plus large de co-construction qui peut regrouper le comit\u00e9 de direction de l\u2019entreprise, les Ressources Humaines, l\u2019\u00c9thique et la Compliance, le juridique, la RSE, la communication, le marketing, etc.<\/p>\n<p>Dans tous les cas, il faut \u00eatre capable de briser les silos pour aboutir \u00e0 des valeurs qui refl\u00e8tent les diff\u00e9rents m\u00e9tiers de l\u2019entreprise dans leurs sp\u00e9cificit\u00e9s et dans leurs similitudes.<\/p>\n<\/div><div class=\"fusion-title title fusion-title-6 fusion-sep-none fusion-title-text fusion-title-size-three\" style=\"--awb-margin-top:48px;--awb-margin-bottom:20px;--awb-margin-top-small:48px;\"><h3 class=\"fusion-title-heading title-heading-left fusion-responsive-typography-calculated\" style=\"margin:0;--fontSize:32;line-height:1.26;\">Impliquer les collaborateurs dans la d\u00e9finition des valeurs d\u2019entreprise ?<\/h3><\/div><div class=\"fusion-text fusion-text-8\" style=\"--awb-content-alignment:left;\"><p>La question de l\u2019implication des collaborateurs dans le processus de d\u00e9finition des valeurs d\u2019entreprise doit \u00e9galement \u00eatre pos\u00e9e. L\u2019approche top-down (o\u00f9 les valeurs sont identifi\u00e9es par les directions de l\u2019entreprise) peut \u00eatre pens\u00e9e en compl\u00e9mentarit\u00e9 avec une approche bottom-up, o\u00f9 ce sont les collaborateurs qui d\u00e9battent, votent et \u00e9laborent la d\u00e9finition des valeurs de l\u2019entreprise.<\/p>\n<p>Par des enqu\u00eates et des sondages internes, des focus group, des processus participatifs, il est possible d\u2019impliquer plus largement les collaborateurs de l\u2019entreprise. Cela n\u00e9cessite alors de faire un travail pr\u00e9alable de sensibilisation et de formation.<\/p>\n<p>Une approche en co-construction a l\u2019avantage de faciliter l\u2019infusion et l\u2019appropriation des valeurs d\u2019entreprise au sein de l\u2019organisation, par les collaborateurs.<\/p>\n<\/div><div class=\"fusion-title title fusion-title-7 fusion-sep-none fusion-title-text fusion-title-size-three\" style=\"--awb-margin-top:48px;--awb-margin-bottom:20px;--awb-margin-top-small:48px;\"><h3 class=\"fusion-title-heading title-heading-left fusion-responsive-typography-calculated\" style=\"margin:0;--fontSize:32;line-height:1.26;\"><strong>Faire vivre les valeurs dans l\u2019entreprise<\/strong><\/h3><\/div><div class=\"fusion-text fusion-text-9\" style=\"--awb-content-alignment:left;\"><p>Une fois les valeurs identifi\u00e9es et d\u00e9finies, il convient, afin d\u2019assurer leur r\u00e9alit\u00e9 op\u00e9rationnelle, de les faire infuser et les d\u00e9ployer au sein de l\u2019ensemble de l\u2019organisation.<\/p>\n<\/div><div class=\"fusion-title title fusion-title-8 fusion-sep-none fusion-title-text fusion-title-size-three\" style=\"--awb-margin-top:48px;--awb-margin-bottom:20px;--awb-margin-top-small:48px;\"><h3 class=\"fusion-title-heading title-heading-left fusion-responsive-typography-calculated\" style=\"margin:0;--fontSize:32;line-height:1.26;\">Communiquer d\u00e8s le d\u00e9part sur ses valeurs<\/h3><\/div><div class=\"fusion-text fusion-text-10\" style=\"--awb-content-alignment:left;\"><p>Choisir des valeurs ne suffit pas, il est \u00e9galement n\u00e9cessaire de leur donner une d\u00e9finition claire, accept\u00e9e par tous et qui serve de cadre. Ce travail facilitera d\u2019autant la traduction de ces valeurs en pratiques professionnelles et op\u00e9rationnelles concr\u00e8tes permettant \u00e0 chaque collaborateur d\u2019identifier comment les valeurs se mat\u00e9rialisent dans l\u2019action quotidienne dans l\u2019entreprise.<\/p>\n<p>Pour ce faire, il convient \u00e9galement d\u2019effectuer un travail de p\u00e9dagogie, de sensibilisation et de communication, qui peut commencer d\u00e8s les premiers stades du projet. Cela peut passer par exemple par des documents d\u2019information distribu\u00e9s aux collaborateurs, l\u2019int\u00e9gration de ces questions dans le travail p\u00e9dagogique des managers, la tenue d\u2019\u00e9v\u00e9nements sp\u00e9cifiques d\u00e9di\u00e9s aux valeurs d\u2019entreprise, en amont et en aval du projet.<\/p>\n<p>La communication est essentielle pour que les collaborateurs s\u2019approprient ces valeurs et les incarnent au jour le jour dans l\u2019activit\u00e9 de l\u2019organisation.<\/p>\n<\/div><div class=\"fusion-title title fusion-title-9 fusion-sep-none fusion-title-text fusion-title-size-three\" style=\"--awb-margin-top:48px;--awb-margin-bottom:20px;--awb-margin-top-small:48px;\"><h3 class=\"fusion-title-heading title-heading-left fusion-responsive-typography-calculated\" style=\"margin:0;--fontSize:32;line-height:1.26;\">Donner du corps aux valeurs d\u2019entreprise<\/h3><\/div><div class=\"fusion-text fusion-text-11\" style=\"--awb-content-alignment:left;\"><p>D\u00e9finir des valeurs d\u2019entreprise implique \u00e9galement de savoir quel r\u00f4le leur donner dans les processus internes de l\u2019entreprise, afin de leur \u201cdonner corps\u201d. Pour \u00e9viter que les valeurs soient un \u00e9ni\u00e8me projet sans incidence concr\u00e8te au sein de l\u2019entreprise, il convient de r\u00e9pondre par exemple aux interrogations suivantes :<\/p>\n<p>Les valeurs seront-elles int\u00e9gr\u00e9es au code de conduite ou \u00e0 la charte \u00e9thique ? Quel sera alors le statut juridique de cette soft-law hybride propre \u00e0 l\u2019organisation ? Les valeurs seront-elles le r\u00e9f\u00e9rentiel des pratiques \u00e9thiques ? Le respect des valeurs sera-t-il int\u00e9gr\u00e9 aux objectifs des collaborateurs ?<\/p>\n<p>R\u00e9pondre \u00e0 ces questions permet de structurer les valeurs de l\u2019entreprise, de les int\u00e9grer \u00e0 la vie quotidienne des collaborateurs, de leur donner du sens.<\/p>\n<\/div><div class=\"fusion-title title fusion-title-10 fusion-sep-none fusion-title-text fusion-title-size-three\" style=\"--awb-margin-top:48px;--awb-margin-bottom:20px;--awb-margin-top-small:48px;\"><h3 class=\"fusion-title-heading title-heading-left fusion-responsive-typography-calculated\" style=\"margin:0;--fontSize:32;line-height:1.26;\">La gouvernance des valeurs de l\u2019entreprise<\/h3><\/div><div class=\"fusion-text fusion-text-12\" style=\"--awb-content-alignment:left;\"><p>Enfin reste \u00e0 se poser la question de la gouvernance des valeurs d\u2019entreprise sur le long terme. Qui demeure responsable de la supervision et du respect des valeurs dans l\u2019organisation dans le temps ?<\/p>\n<p>Il est d\u00e9conseill\u00e9 de rester sur une gouvernance transitoire, destin\u00e9e uniquement \u00e0 faire naitre le projet. Au contraire, il convient d\u2019imaginer une gouvernance p\u00e9renne, qui permette de suivre ces valeurs dans le temps, d\u2019\u00e9valuer leur infusion aupr\u00e8s des collaborateurs ainsi que leur impact sur les pratiques professionnelles.<\/p>\n<p>Est-ce la responsabilit\u00e9 d\u2019un comit\u00e9 des valeurs, celle du comit\u00e9 d\u2019\u00e9thique, ou bien celle de la direction de la strat\u00e9gie ? Faut-il une gouvernance transverse ? Quel r\u00f4le donner aux managers dans l\u2019animation des valeurs au niveau op\u00e9rationnel ? L\u00e0 encore, ces interrogations doivent conduire les entreprises \u00e0 s\u2019engager dans un processus de r\u00e9flexion sinc\u00e8re et m\u00e9ticuleux. Car, en d\u00e9finitive, c\u2019est bien cette capacit\u00e9 \u00e0 d\u00e9finir correctement, et faire vivre les valeurs d\u2019entreprise quotidiennement et sur le long terme, qui donneront \u00e0 celles-ci toute leur l\u00e9gitimit\u00e9 et leur utilit\u00e9.<\/p>\n<\/div><div class=\"fusion-text fusion-text-13\" style=\"--awb-font-size:12px;\"><p><em>Cr\u00e9dit photo : Pixabay<\/em><\/p>\n<\/div><\/div><\/div><\/div><\/div>\n","protected":false},"excerpt":{"rendered":"<h3 style=\"font-size:54px; line-height:1.14em; font-weight: 700; margin: 0 0 0 ;\">200%<\/h3>\n<p>Higher revenue from digital<\/p>\n","protected":false},"author":1,"featured_media":6460,"menu_order":0,"comment_status":"open","ping_status":"closed","template":"","format":"standard","meta":{"_monsterinsights_skip_tracking":false,"_monsterinsights_sitenote_active":false,"_monsterinsights_sitenote_note":"","_monsterinsights_sitenote_category":0,"_price":"","_stock":"","_tribe_ticket_header":"","_tribe_default_ticket_provider":"","_tribe_ticket_capacity":"0","_ticket_start_date":"","_ticket_end_date":"","_tribe_ticket_show_description":"","_tribe_ticket_show_not_going":false,"_tribe_ticket_use_global_stock":"","_tribe_ticket_global_stock_level":"","_global_stock_mode":"","_global_stock_cap":"","_tribe_rsvp_for_event":"","_tribe_ticket_going_count":"","_tribe_ticket_not_going_count":"","_tribe_tickets_list":[],"_tribe_ticket_has_attendee_info_fields":false},"portfolio_category":[173],"portfolio_skills":[],"portfolio_tags":[],"yoast_head":"<!-- This site is optimized with the Yoast SEO plugin v21.7 - https:\/\/yoast.com\/wordpress\/plugins\/seo\/ -->\n<title>Valeurs d\u2019entreprise : comment d\u00e9finir et faire vivre ce projet strat\u00e9gique pour l\u2019entreprise - Ar-imagetest-Cercle d&#039;\u00c9thique des Affaires<\/title>\n<meta name=\"robots\" content=\"index, follow, max-snippet:-1, max-image-preview:large, max-video-preview:-1\" \/>\n<link rel=\"canonical\" href=\"https:\/\/ar-imagetest.com\/cea\/cea-publications\/valeurs-dentreprise-comment-definir-et-faire-vivre-ce-projet-strategique-pour-lentreprise\/\" \/>\n<meta property=\"og:locale\" content=\"fr_FR\" \/>\n<meta property=\"og:type\" content=\"article\" \/>\n<meta property=\"og:title\" content=\"Valeurs d\u2019entreprise : comment d\u00e9finir et faire vivre ce projet strat\u00e9gique pour l\u2019entreprise - Ar-imagetest-Cercle d&#039;\u00c9thique des Affaires\" \/>\n<meta property=\"og:description\" content=\"200% Higher revenue from digital\" \/>\n<meta property=\"og:url\" content=\"https:\/\/ar-imagetest.com\/cea\/cea-publications\/valeurs-dentreprise-comment-definir-et-faire-vivre-ce-projet-strategique-pour-lentreprise\/\" \/>\n<meta property=\"og:site_name\" content=\"Ar-imagetest-Cercle d&#039;\u00c9thique des Affaires\" \/>\n<meta property=\"article:modified_time\" content=\"2021-01-19T15:36:18+00:00\" \/>\n<meta property=\"og:image\" content=\"https:\/\/ar-imagetest.com\/cea\/wp-content\/uploads\/2020\/12\/business-idea-3683781_1280.jpg\" \/>\n\t<meta property=\"og:image:width\" content=\"1280\" \/>\n\t<meta property=\"og:image:height\" content=\"853\" \/>\n\t<meta property=\"og:image:type\" content=\"image\/jpeg\" \/>\n<meta name=\"twitter:card\" content=\"summary_large_image\" \/>\n<meta name=\"twitter:label1\" content=\"Dur\u00e9e de lecture estim\u00e9e\" \/>\n\t<meta name=\"twitter:data1\" content=\"21 minutes\" \/>\n<script type=\"application\/ld+json\" class=\"yoast-schema-graph\">{\"@context\":\"https:\/\/schema.org\",\"@graph\":[{\"@type\":\"WebPage\",\"@id\":\"https:\/\/ar-imagetest.com\/cea\/cea-publications\/valeurs-dentreprise-comment-definir-et-faire-vivre-ce-projet-strategique-pour-lentreprise\/\",\"url\":\"https:\/\/ar-imagetest.com\/cea\/cea-publications\/valeurs-dentreprise-comment-definir-et-faire-vivre-ce-projet-strategique-pour-lentreprise\/\",\"name\":\"Valeurs d\u2019entreprise : comment d\u00e9finir et faire vivre ce projet strat\u00e9gique pour l\u2019entreprise - Ar-imagetest-Cercle d&#039;\u00c9thique des Affaires\",\"isPartOf\":{\"@id\":\"https:\/\/ar-imagetest.com\/cea\/#website\"},\"datePublished\":\"2019-12-18T22:53:01+00:00\",\"dateModified\":\"2021-01-19T15:36:18+00:00\",\"breadcrumb\":{\"@id\":\"https:\/\/ar-imagetest.com\/cea\/cea-publications\/valeurs-dentreprise-comment-definir-et-faire-vivre-ce-projet-strategique-pour-lentreprise\/#breadcrumb\"},\"inLanguage\":\"fr-FR\",\"potentialAction\":[{\"@type\":\"ReadAction\",\"target\":[\"https:\/\/ar-imagetest.com\/cea\/cea-publications\/valeurs-dentreprise-comment-definir-et-faire-vivre-ce-projet-strategique-pour-lentreprise\/\"]}]},{\"@type\":\"BreadcrumbList\",\"@id\":\"https:\/\/ar-imagetest.com\/cea\/cea-publications\/valeurs-dentreprise-comment-definir-et-faire-vivre-ce-projet-strategique-pour-lentreprise\/#breadcrumb\",\"itemListElement\":[{\"@type\":\"ListItem\",\"position\":1,\"name\":\"Home\",\"item\":\"https:\/\/ar-imagetest.com\/cea\/\"},{\"@type\":\"ListItem\",\"position\":2,\"name\":\"Portfolio\",\"item\":\"https:\/\/ar-imagetest.com\/cea\/cea-publications\/\"},{\"@type\":\"ListItem\",\"position\":3,\"name\":\"Valeurs d\u2019entreprise : comment d\u00e9finir et faire vivre ce projet strat\u00e9gique pour l\u2019entreprise\"}]},{\"@type\":\"WebSite\",\"@id\":\"https:\/\/ar-imagetest.com\/cea\/#website\",\"url\":\"https:\/\/ar-imagetest.com\/cea\/\",\"name\":\"Ar-imagetest-Cercle d&#039;\u00c9thique des Affaires\",\"description\":\"Ethique &amp; Conformit\u00e9 des Entreprises\",\"potentialAction\":[{\"@type\":\"SearchAction\",\"target\":{\"@type\":\"EntryPoint\",\"urlTemplate\":\"https:\/\/ar-imagetest.com\/cea\/?s={search_term_string}\"},\"query-input\":\"required name=search_term_string\"}],\"inLanguage\":\"fr-FR\"}]}<\/script>\n<!-- \/ Yoast SEO plugin. -->","yoast_head_json":{"title":"Valeurs d\u2019entreprise : comment d\u00e9finir et faire vivre ce projet strat\u00e9gique pour l\u2019entreprise - Ar-imagetest-Cercle d&#039;\u00c9thique des Affaires","robots":{"index":"index","follow":"follow","max-snippet":"max-snippet:-1","max-image-preview":"max-image-preview:large","max-video-preview":"max-video-preview:-1"},"canonical":"https:\/\/ar-imagetest.com\/cea\/cea-publications\/valeurs-dentreprise-comment-definir-et-faire-vivre-ce-projet-strategique-pour-lentreprise\/","og_locale":"fr_FR","og_type":"article","og_title":"Valeurs d\u2019entreprise : comment d\u00e9finir et faire vivre ce projet strat\u00e9gique pour l\u2019entreprise - Ar-imagetest-Cercle d&#039;\u00c9thique des Affaires","og_description":"200% Higher revenue from digital","og_url":"https:\/\/ar-imagetest.com\/cea\/cea-publications\/valeurs-dentreprise-comment-definir-et-faire-vivre-ce-projet-strategique-pour-lentreprise\/","og_site_name":"Ar-imagetest-Cercle d&#039;\u00c9thique des Affaires","article_modified_time":"2021-01-19T15:36:18+00:00","og_image":[{"width":1280,"height":853,"url":"https:\/\/ar-imagetest.com\/cea\/wp-content\/uploads\/2020\/12\/business-idea-3683781_1280.jpg","type":"image\/jpeg"}],"twitter_card":"summary_large_image","twitter_misc":{"Dur\u00e9e de lecture estim\u00e9e":"21 minutes"},"schema":{"@context":"https:\/\/schema.org","@graph":[{"@type":"WebPage","@id":"https:\/\/ar-imagetest.com\/cea\/cea-publications\/valeurs-dentreprise-comment-definir-et-faire-vivre-ce-projet-strategique-pour-lentreprise\/","url":"https:\/\/ar-imagetest.com\/cea\/cea-publications\/valeurs-dentreprise-comment-definir-et-faire-vivre-ce-projet-strategique-pour-lentreprise\/","name":"Valeurs d\u2019entreprise : comment d\u00e9finir et faire vivre ce projet strat\u00e9gique pour l\u2019entreprise - Ar-imagetest-Cercle d&#039;\u00c9thique des Affaires","isPartOf":{"@id":"https:\/\/ar-imagetest.com\/cea\/#website"},"datePublished":"2019-12-18T22:53:01+00:00","dateModified":"2021-01-19T15:36:18+00:00","breadcrumb":{"@id":"https:\/\/ar-imagetest.com\/cea\/cea-publications\/valeurs-dentreprise-comment-definir-et-faire-vivre-ce-projet-strategique-pour-lentreprise\/#breadcrumb"},"inLanguage":"fr-FR","potentialAction":[{"@type":"ReadAction","target":["https:\/\/ar-imagetest.com\/cea\/cea-publications\/valeurs-dentreprise-comment-definir-et-faire-vivre-ce-projet-strategique-pour-lentreprise\/"]}]},{"@type":"BreadcrumbList","@id":"https:\/\/ar-imagetest.com\/cea\/cea-publications\/valeurs-dentreprise-comment-definir-et-faire-vivre-ce-projet-strategique-pour-lentreprise\/#breadcrumb","itemListElement":[{"@type":"ListItem","position":1,"name":"Home","item":"https:\/\/ar-imagetest.com\/cea\/"},{"@type":"ListItem","position":2,"name":"Portfolio","item":"https:\/\/ar-imagetest.com\/cea\/cea-publications\/"},{"@type":"ListItem","position":3,"name":"Valeurs d\u2019entreprise : comment d\u00e9finir et faire vivre ce projet strat\u00e9gique pour l\u2019entreprise"}]},{"@type":"WebSite","@id":"https:\/\/ar-imagetest.com\/cea\/#website","url":"https:\/\/ar-imagetest.com\/cea\/","name":"Ar-imagetest-Cercle d&#039;\u00c9thique des Affaires","description":"Ethique &amp; Conformit\u00e9 des Entreprises","potentialAction":[{"@type":"SearchAction","target":{"@type":"EntryPoint","urlTemplate":"https:\/\/ar-imagetest.com\/cea\/?s={search_term_string}"},"query-input":"required name=search_term_string"}],"inLanguage":"fr-FR"}]}},"jetpack_sharing_enabled":true,"_links":{"self":[{"href":"https:\/\/ar-imagetest.com\/cea\/wp-json\/wp\/v2\/avada_portfolio\/6457"}],"collection":[{"href":"https:\/\/ar-imagetest.com\/cea\/wp-json\/wp\/v2\/avada_portfolio"}],"about":[{"href":"https:\/\/ar-imagetest.com\/cea\/wp-json\/wp\/v2\/types\/avada_portfolio"}],"author":[{"embeddable":true,"href":"https:\/\/ar-imagetest.com\/cea\/wp-json\/wp\/v2\/users\/1"}],"replies":[{"embeddable":true,"href":"https:\/\/ar-imagetest.com\/cea\/wp-json\/wp\/v2\/comments?post=6457"}],"version-history":[{"count":4,"href":"https:\/\/ar-imagetest.com\/cea\/wp-json\/wp\/v2\/avada_portfolio\/6457\/revisions"}],"predecessor-version":[{"id":6462,"href":"https:\/\/ar-imagetest.com\/cea\/wp-json\/wp\/v2\/avada_portfolio\/6457\/revisions\/6462"}],"wp:featuredmedia":[{"embeddable":true,"href":"https:\/\/ar-imagetest.com\/cea\/wp-json\/wp\/v2\/media\/6460"}],"wp:attachment":[{"href":"https:\/\/ar-imagetest.com\/cea\/wp-json\/wp\/v2\/media?parent=6457"}],"wp:term":[{"taxonomy":"portfolio_category","embeddable":true,"href":"https:\/\/ar-imagetest.com\/cea\/wp-json\/wp\/v2\/portfolio_category?post=6457"},{"taxonomy":"portfolio_skills","embeddable":true,"href":"https:\/\/ar-imagetest.com\/cea\/wp-json\/wp\/v2\/portfolio_skills?post=6457"},{"taxonomy":"portfolio_tags","embeddable":true,"href":"https:\/\/ar-imagetest.com\/cea\/wp-json\/wp\/v2\/portfolio_tags?post=6457"}],"curies":[{"name":"wp","href":"https:\/\/api.w.org\/{rel}","templated":true}]}}