{"id":6447,"date":"2020-04-07T22:22:33","date_gmt":"2020-04-07T22:22:33","guid":{"rendered":"https:\/\/ar-imagetest.com\/cea\/?post_type=avada_portfolio&#038;p=6447"},"modified":"2021-01-17T00:00:23","modified_gmt":"2021-01-17T00:00:23","slug":"lapres-covid-19-lethique-comme-boussole","status":"publish","type":"avada_portfolio","link":"https:\/\/ar-imagetest.com\/cea\/cea-publications\/lapres-covid-19-lethique-comme-boussole\/","title":{"rendered":"L&#8217;apr\u00e8s COVID-19 : l&#8217;\u00e9thique comme boussole"},"content":{"rendered":"<div class=\"fusion-fullwidth fullwidth-box fusion-builder-row-1 fusion-flex-container nonhundred-percent-fullwidth non-hundred-percent-height-scrolling\" style=\"--awb-border-radius-top-left:0px;--awb-border-radius-top-right:0px;--awb-border-radius-bottom-right:0px;--awb-border-radius-bottom-left:0px;--awb-padding-right-small:0px;--awb-padding-left-small:0px;--awb-flex-wrap:wrap;\" ><div class=\"fusion-builder-row fusion-row fusion-flex-align-items-flex-start fusion-flex-justify-content-center fusion-flex-content-wrap\" style=\"max-width:1372.8px;margin-left: calc(-4% \/ 2 );margin-right: calc(-4% \/ 2 );\"><div class=\"fusion-layout-column fusion_builder_column fusion-builder-column-0 fusion_builder_column_2_3 2_3 fusion-flex-column\" style=\"--awb-bg-size:cover;--awb-width-large:66.666666666667%;--awb-margin-top-large:20px;--awb-spacing-right-large:2.88%;--awb-margin-bottom-large:20px;--awb-spacing-left-large:2.88%;--awb-width-medium:83.333333333333%;--awb-order-medium:0;--awb-spacing-right-medium:2.304%;--awb-spacing-left-medium:2.304%;--awb-width-small:100%;--awb-order-small:0;--awb-margin-top-small:0px;--awb-spacing-right-small:1.92%;--awb-spacing-left-small:1.92%;\"><div class=\"fusion-column-wrapper fusion-column-has-shadow fusion-flex-justify-content-flex-start fusion-content-layout-column\"><div class=\"fusion-text fusion-text-1\" style=\"--awb-content-alignment:left;\"><p><b style=\"color: var(--body_typography-color); font-family: var(--body_typography-font-family); font-size: var(--body_typography-font-size); font-style: var(--body_typography-font-style,normal); letter-spacing: var(--body_typography-letter-spacing);\">La pand\u00e9mie de Covid-19 : crise ou catastrophe ? Pour le neuropsychiatre Boris Cyrulnik, il ne peut s\u2019agir que d\u2019une catastrophe, car contrairement \u00e0 une crise, il est impossible que \u00ab cela reparte comme avant <a style=\"color: #3399cc;\" href=\"http:\/\/video.lefigaro.fr\/figaro\/video\/boris-cyrulnik-c-est-une-catastrophe-ce-n-est-pas-une-crise\/6144551665001\/\" target=\"_blank\" rel=\"noopener noreferrer\">[1]<\/a>\u00bb. D\u00e8s le 16 mars dernier, dans son allocution aux Fran\u00e7ais le Pr\u00e9sident Macron se promettait d\u2019ailleurs de \u00ab tirer les le\u00e7ons du moment que nous traversons <span style=\"color: #0099bc;\"><a style=\"color: #0099bc;\" href=\"https:\/\/www.elysee.fr\/emmanuel-macron\/2020\/03\/16\/adresse-aux-francais-covid19\" target=\"_blank\" rel=\"noopener noreferrer\">[2]<\/a> <\/span>\u00bb et, depuis, de nombreux chroniqueurs invitent \u00e0 \u00ab d\u00e9j\u00e0 penser au monde d\u2019apr\u00e8s <a style=\"color: #0099bc;\" href=\"https:\/\/www.lefigaro.fr\/vox\/economie\/francois-lenglet-il-faut-deja-penser-au-monde-d-apres-20200324\" target=\"_blank\" rel=\"noopener noreferrer\">[3]<\/a>\u00bb. Si l\u2019heure est pour le moment \u00e0 la \u00ab guerre sanitaire <a style=\"color: #0099bc;\" href=\"https:\/\/www.courrierinternational.com\/article\/vu-de-letranger-comment-la-france-en-est-arrivee-letat-de-guerre-sanitaire\" target=\"_blank\" rel=\"noopener noreferrer\">[4]<\/a>\u00bb ainsi qu\u2019au respect de la douleur des familles endeuill\u00e9es, l\u2019exercice prospectif doit nous permettre de pr\u00e9parer d\u00e8s \u00e0 pr\u00e9sent la \u00ab sortie de crise \u00bb, et lorsque cela est possible, d\u2019imaginer les moyens de pallier les carences de notre mod\u00e8le de soci\u00e9t\u00e9 que cette pand\u00e9mie a mises en lumi\u00e8re. Car derri\u00e8re cette trag\u00e9die, se cachent des opportunit\u00e9s qu\u2019il nous appartient de saisir. Et quel meilleur outil que l\u2019\u00e9thique pour s\u2019en convaincre ? Tentative de synth\u00e8se des enseignements que nous devrions tirer de l\u2019\u00e9pisode \u00e9pid\u00e9miologique actuel et des solutions qui s\u2019imposent.<\/b><\/p>\n<p><b>Les menaces environnementales : notre vuln\u00e9rabilit\u00e9 \u00e0 tous<\/b><\/p>\n<\/div><div class=\"fusion-separator fusion-full-width-sep\" style=\"align-self: center;margin-left: auto;margin-right: auto;margin-bottom:24px;width:100%;\"><\/div><div class=\"fusion-text fusion-text-2\" style=\"--awb-content-alignment:left;\"><p>C\u2019est probablement l\u2019un des enseignements les plus manifeste et urgent \u00e0 tirer de cette crise : la vuln\u00e9rabilit\u00e9 de nos \u00e9cosyst\u00e8mes et de la plan\u00e8te Terre repr\u00e9sente notre vuln\u00e9rabilit\u00e9 \u00e0 tous. Ainsi, de nombreux articles nous \u00e9clairent sur les liens de causalit\u00e9 qui peuvent exister entre la destruction des habitats naturels d\u2019une part et l\u2019\u00e9mergence et la transmission de nouveaux virus \u00e0 l\u2019esp\u00e8ce humaine d\u2019autre part <span class=\"fusion-popover popover-1\" data-animation=\"1\" data-class=\"popover-1\" data-container=\"popover-1\" data-content=\"Voir ici\u00a0: https:\/\/www.futura-sciences.com\/sante\/actualites\/coronavirus-destruction-habitats-naturels-favorise-emergence-nouvelles-epidemies-comme-covid-19-80160\/ , ici https:\/\/www.monde-diplomatique.fr\/2020\/03\/SHAH\/61547, ou encore ici : https:\/\/www.lesechos.fr\/idees-debats\/cercle\/opinion-coronavirus-le-pangolin-ny-est-pour-rien-1187258\" data-delay=\"50\" data-placement=\"top\" data-toggle=\"popover\" data-trigger=\"click\">\n[5]\n<\/span> . \u00ab La construction de routes \u00e0 travers la for\u00eat tropicale ou encore le fractionnement des \u00e9cosyst\u00e8mes pour y installer des villes ou des champs instaurent les conditions id\u00e9ales pour l&#8217;\u00e9mergence de nouvelles maladies comme le Covid-19 <span class=\"fusion-popover popover-2\" data-animation=\"1\" data-class=\"popover-2\" data-container=\"popover-2\" data-content=\"Ibid\" data-delay=\"50\" data-placement=\"top\" data-toggle=\"popover\" data-trigger=\"hover\"> <span style=\"color: #0099bc;\">[6] <\/span><\/span>\u00bb rappelle \u00e0 ce titre le journal Futura Sciences qui pr\u00e9cise en outre que \u00ab ce n\u2019est pas pr\u00eat de s\u2019arr\u00eater \u00bb.<\/p>\n<p>Ce constat nous presse de repenser fondamentalement notre rapport \u00e0 la nature, comme l\u2019esp\u00e8re M. Maffesoli qui devine derri\u00e8re cette crise sanitaire \u00ab la fin de l\u2019optimisme propre au progressisme moderne \u00bb ainsi que la volont\u00e9 qui lui est inh\u00e9rente de \u00ab vouloir dominer la nature plut\u00f4t que de s\u2019accorder \u00e0 elle \u00bb. Nous, \u00eatres humains, qui devrions \u00eatre pr\u00e8s de deux tiers \u00e0 vivre en agglom\u00e9ration urbaine d\u2019ici \u00e0 2050 <a href=\"https:\/\/www.lesechos.fr\/2018\/05\/en-2050-plus-de-deux-tiers-de-lhumanite-vivra-en-ville-990758\" target=\"_blank\" rel=\"noopener noreferrer\"><span style=\"color: #0099bc;\">[7]<\/span><\/a> , \u00ab devons arr\u00eater de penser que nous sommes un \u00e9l\u00e9ment ind\u00e9pendant du syst\u00e8me <a href=\"https:\/\/www.courrierinternational.com\/article\/coronavirus-la-destruction-des-ecosystemes-par-lhumain-favorise-lemergence-depidemies\" target=\"_blank\" rel=\"noopener noreferrer\"><span style=\"color: #0099bc;\">[8]<\/span><\/a>\u00bb auquel nous appartenons, rappelle de son c\u00f4t\u00e9 un chercheur dans les colonnes de Courrier International. \u00c9lisabeth Borne, Ministre de la transition \u00e9cologique et solidaire, l\u2019affirmait r\u00e9cemment sur les ondes de France-Info, \u00ab la transition \u00e9cologique et solidaire doit \u00eatre au c\u0153ur de la sortie de crise <a href=\"https:\/\/www.francetvinfo.fr\/replay-magazine\/franceinfo\/zero-emission\/zero-emission-du-mardi-7-avril-2020_3903605.html\" target=\"_blank\" rel=\"noopener noreferrer\"><span style=\"color: #0099bc;\">[9]<\/span><\/a>\u00bb.<\/p>\n<p>Il devient urgent pour les entreprises d\u2019int\u00e9grer de fa\u00e7on p\u00e9renne les consid\u00e9rations \u00e9cologiques dans leur mod\u00e8le \u00e9conomique. La protection de l\u2019environnement ne peut plus \u00eatre consid\u00e9r\u00e9e comme un sujet annexe, isol\u00e9 ou r\u00e9serv\u00e9 \u00e0 un seul d\u00e9partement ou une seule direction qui en aurait la charge pour toute l\u2019entreprise. Au contraire, ce sujet semble d\u00e9sormais devoir transcender les segmentations manag\u00e9riales et p\u00e9n\u00e9trer la strat\u00e9gie m\u00eame des organisations. Cependant il y a fort \u00e0 parier que cette prise de conscience n\u00e9cessite une \u00e9volution plus large du r\u00f4le de l\u2019entreprise dans la soci\u00e9t\u00e9 ainsi qu\u2019une transformation en profondeur des mod\u00e8les et logiques \u00e9conomiques actuels.<\/p>\n<\/div><div class=\"fusion-title title fusion-title-1 fusion-sep-none fusion-title-text fusion-title-size-three\" style=\"--awb-margin-top:48px;--awb-margin-bottom:20px;--awb-margin-top-small:48px;\"><h3 class=\"fusion-title-heading title-heading-left fusion-responsive-typography-calculated\" style=\"margin:0;--fontSize:32;line-height:1.26;\">Les limites de la mondialisation<\/h3><\/div><div class=\"fusion-text fusion-text-3\" style=\"--awb-content-alignment:left;\"><p>D\u00e9fenseur, jusqu\u2019ici, d\u2019une politique \u00e9conomique d\u2019inspiration lib\u00e9rale, le pr\u00e9sident Macron l\u2019a affirm\u00e9 lui-m\u00eame, \u00ab il faudra (\u2026) interroger le mod\u00e8le de d\u00e9veloppement dans lequel s\u2019est engag\u00e9 notre monde depuis des d\u00e9cennies et qui d\u00e9voile ses failles au grand jour <span style=\"color: #0099bc;\"><a style=\"color: #0099bc;\" href=\"https:\/\/www.elysee.fr\/emmanuel-macron\/2020\/03\/16\/adresse-aux-francais-covid19\" target=\"_blank\" rel=\"noopener noreferrer\">[10]<\/a><\/span>\u00bb. L\u2019obligation de confinement et \u00e0 \u00ab rester chez soi \u00bb n\u2019est-elle pas \u00e0 l\u2019exacte oppos\u00e9e de la libre circulation des biens et des personnes, r\u00e8gle d\u2019or de la mondialisation contemporaine, comme le remarquait r\u00e9cemment Sylvain Tesson <span class=\"fusion-popover popover-3\" data-animation=\"1\" data-class=\"popover-3\" data-container=\"popover-3\" data-content=\"Sylvain Tesson, Que ferons-nous de cette \u00e9preuve ?, Tracts de crise, Gallimard\" data-delay=\"50\" data-placement=\"top\" data-toggle=\"popover\" data-trigger=\"hover\"> <span style=\"color: #0099bc;\">[11] <\/span><\/span>?<\/p>\n<p>Outre les consid\u00e9rations \u00e9cologiques pr\u00e9c\u00e9demment \u00e9voqu\u00e9es, ce sont bien les limites de notre syst\u00e8me \u00e9conomique actuel que cette catastrophe sanitaire plonge sous une lumi\u00e8re crue. Comme le remarque le laur\u00e9at du dernier prix Renaudot, la propagation massive du virus ressemble plus \u00e0 une \u00ab cons\u00e9quence \u00bb du \u00ab globalisme \u00bb qu\u2019\u00e0 un simple \u00ab accident \u00bb. Et si demain, <span style=\"color: var(--body_typography-color); font-family: var(--body_typography-font-family); font-size: var(--body_typography-font-size); font-style: var(--body_typography-font-style,normal); font-weight: var(--body_typography-font-weight); letter-spacing: var(--body_typography-letter-spacing);\">comme r\u00e9ponse \u00e0 cette crise, la doctrine du localisme, qui consiste \u00e0 privil\u00e9gier ce qui est local et qui r\u00e9sulte d\u2019une \u00e9conomie de proximit\u00e9, devenait la r\u00e8gle et non plus l\u2019exception ?<\/span><\/p>\n<p><span style=\"color: var(--body_typography-color); font-family: var(--body_typography-font-family); font-size: var(--body_typography-font-size); font-style: var(--body_typography-font-style,normal); font-weight: var(--body_typography-font-weight); letter-spacing: var(--body_typography-letter-spacing);\">A l\u2019\u00e9chelon national, l\u2019actuel ministre de l\u2019\u00c9conomie, Bruno Lemaire, l\u2019a confirm\u00e9 : il faudra \u00ab tirer les cons\u00e9quences de long terme du coronavirus en relocalisant certaines fili\u00e8res strat\u00e9giques en France et en Europe \u00bb, ajoutant \u00ab c\u2019est une question de souverainet\u00e9 pour notre pays \u00bb. Il est vrai que les r\u00e9centes difficult\u00e9s d\u2019approvisionnement de la France en masques de type FFP2 <a href=\"https:\/\/www.francetvinfo.fr\/sante\/maladie\/coronavirus\/coronavirus-pourquoi-la-france-manque-t-elle-de-masques-respiratoires_3871243.html\" target=\"_blank\" rel=\"noopener noreferrer\"><span style=\"color: #0099bc;\">[12]<\/span><\/a>, devraient tr\u00e8s probablement remettre demain sur la table les probl\u00e9matiques attenantes \u00e0 la souverainet\u00e9 et \u00e0 l\u2019autonomie nationale \u2013 ou \u00e0 tout du moins europ\u00e9enne \u2013 sur les produits de premi\u00e8re n\u00e9cessit\u00e9, m\u00e9dicaments et autres actifs strat\u00e9giques, et notamment les outils num\u00e9riques aujourd\u2019hui plus indispensables que jamais \u00e0 la poursuite de l\u2019activit\u00e9 \u00e9conomique <a href=\"https:\/\/www.lefigaro.fr\/vox\/economie\/pascal-perri-le-digital-est-le-grand-vainqueur-de-la-periode-en-cours-20200406\" target=\"_blank\" rel=\"noopener noreferrer\"><span style=\"color: #0099bc;\">[13]<\/span><\/a><span style=\"color: #0099bc;\">.<\/span><\/span><\/p>\n<\/div><div class=\"fusion-title title fusion-title-2 fusion-sep-none fusion-title-text fusion-title-size-three\" style=\"--awb-margin-top:48px;--awb-margin-bottom:20px;--awb-margin-top-small:48px;\"><h3 class=\"fusion-title-heading title-heading-left fusion-responsive-typography-calculated\" style=\"margin:0;--fontSize:32;line-height:1.26;\">Le r\u00f4le de l\u2019\u00c9tat<\/h3><\/div><div class=\"fusion-text fusion-text-4\" style=\"--awb-content-alignment:left;\"><p>Ces carences interrogent par ailleurs sur le r\u00f4le et la place de l\u2019\u00c9tat dans nos soci\u00e9t\u00e9s modernes, place que les doctrines tant n\u00e9o-lib\u00e9rales que libertariennes, voudraient voir r\u00e9duite \u00e0 la portion congrue, l\u2019interventionnisme de l\u2019acteur \u00e9tatique y \u00e9tant vu tant\u00f4t comme un frein \u00e0 la libre concurrence et au bon fonctionnement du march\u00e9 tant\u00f4t comme une menace permanente pesant sur les libert\u00e9s individuelles. La trag\u00e9die qui se joue actuellement rappelle pourtant, outre le besoin de services publics de qualit\u00e9, la n\u00e9cessit\u00e9 de voir un \u00c9tat aux capacit\u00e9s d\u2019intervention et de r\u00e9action les plus \u00e9tendues possibles.<\/p>\n<p>Ainsi le ralentissement forc\u00e9 de l\u2019activit\u00e9 \u00e9conomique est en partie compens\u00e9 par les mesures interventionnistes de l\u2019\u00c9tat, qui gr\u00e2ce \u00e0 sa capacit\u00e9 d\u2019endettement, reste en mesure de proposer certaines aides cons\u00e9quentes aux entreprises : pr\u00eats garantis, dispositif de ch\u00f4mage partiel, indemnisation gr\u00e2ce un fonds de solidarit\u00e9, etc.<\/p>\n<p>Sur un plan strat\u00e9gique, c\u2019est bien la compagnie Air France, dont l\u2019\u00c9tat fran\u00e7ais est principal actionnaire, qui s\u2019occupe en grande majorit\u00e9 du rapatriement des fran\u00e7ais de l\u2019\u00e9tranger en ces temps troubl\u00e9s <a href=\"https:\/\/www.air-journal.fr\/2020-03-30-air-france-poursuit-le-rapatriement-des-francais-5219137.html\" target=\"_blank\" rel=\"noopener noreferrer\"><span style=\"color: #0099bc;\">[14]<\/span><\/a> , d\u2019autres compagnies ayant profit\u00e9 de la pression existante sur la demande pour proposer des billets \u00e0 des tarifs prohibitifs <a href=\"https:\/\/www.lefigaro.fr\/flash-eco\/l-etat-n-oubliera-pas-les-compagnies-aeriennes-qui-speculent-sur-le-rapatriement-des-francais-20200327\" target=\"_blank\" rel=\"noopener noreferrer\"><span style=\"color: #0099bc;\">[15]<\/span><\/a>. Illustration des limites des lois de l\u2019offre et de la demande et de l\u2019\u00e9chec, \u00e0 tout du moins partiel, de l\u2019autor\u00e9gulation des acteurs priv\u00e9s en toute situation.<\/p>\n<p><span style=\"color: var(--body_typography-color); font-family: var(--body_typography-font-family); font-size: var(--body_typography-font-size); font-style: var(--body_typography-font-style,normal); font-weight: var(--body_typography-font-weight); letter-spacing: var(--body_typography-letter-spacing);\">Cette le\u00e7on vaut pour l\u2019avenir et doit nous alerter sur les volont\u00e9s parfois excessives de transfert des responsabilit\u00e9s de l\u2019\u00c9tat vers les soci\u00e9t\u00e9s priv\u00e9es \u2013 notamment par le biais de la RSE \u2013 que l\u2019essayiste fran\u00e7ais Gaspard Koenig n\u2019h\u00e9sitait pas \u00e0 qualifier r\u00e9cemment de \u00ab privatisation de la norme \u00bb participant \u00ab d\u2019une remise en cause (\u2026) de la d\u00e9mocratie <a href=\"https:\/\/www.lesechos.fr\/idees-debats\/editos-analyses\/le-rse-ou-le-retour-de-lordre-moral-1132481\" target=\"_blank\" rel=\"noopener noreferrer\"><span style=\"color: #0099bc;\">[16]<\/span><\/a>\u00bb.<\/span><\/p>\n<\/div><div class=\"fusion-title title fusion-title-3 fusion-sep-none fusion-title-text fusion-title-size-three\" style=\"--awb-margin-top:48px;--awb-margin-bottom:20px;--awb-margin-top-small:48px;\"><h3 class=\"fusion-title-heading title-heading-left fusion-responsive-typography-calculated\" style=\"margin:0;--fontSize:32;line-height:1.26;\">Le r\u00f4le des entreprises<\/h3><\/div><div class=\"fusion-text fusion-text-5\" style=\"--awb-content-alignment:left;\"><p>N\u2019oublions pas de rappeler que la grande majorit\u00e9 des entreprises sont \u00e0 la hauteur des d\u00e9fis que pose la situation \u00e9pid\u00e9miologique actuelle. De la PME dr\u00f4moise 1083, qui d\u2019habitude produit des jeans et oriente d\u00e9sormais sa production vers des masques en tissus lavables <a href=\"https:\/\/www.francetvinfo.fr\/culture\/mode\/c-est-plus-simple-de-faire-des-masques-que-des-jeans-l-entreprise-1083-a-transforme-son-atelier-de-confection-pour-produire-des-masques-en-tissus_3874709.html\" target=\"_blank\" rel=\"noopener noreferrer\"><span style=\"color: var(--body_typography-color); font-family: var(--body_typography-font-family); font-size: var(--body_typography-font-size); font-style: var(--body_typography-font-style,normal); font-weight: var(--body_typography-font-weight); letter-spacing: var(--body_typography-letter-spacing);\"><span style=\"color: #0099bc;\">[17]<\/span><\/span><\/a>, aux grands <span style=\"color: var(--body_typography-color); font-family: var(--body_typography-font-family); font-size: var(--body_typography-font-size); font-style: var(--body_typography-font-style,normal); font-weight: var(--body_typography-font-weight); letter-spacing: var(--body_typography-letter-spacing);\">groupes comme PSA, Renault, Valeo, Schneider Electrics, Air Liquide <a href=\"https:\/\/www.bfmtv.com\/economie\/coronavirus-comment-psa-et-renault-s-organisent-pour-produire-des-respirateurs-1884615.html\" target=\"_blank\" rel=\"noopener noreferrer\"><span style=\"color: #0099bc;\">[18]<\/span><\/a> qui s\u2019organisent pour produire des respirateurs ; petites et grandes soci\u00e9t\u00e9s s\u2019engagent, en fonction de leur c\u0153ur d\u2019activit\u00e9, et contribuent de mani\u00e8re d\u00e9sint\u00e9ress\u00e9e \u00e0 la lutte contre l\u2019aggravation de la crise sanitaire.<\/span><\/p>\n<p>La vocation profonde, la mission, ce que la loi PACTE nomme \u00ab la raison d\u2019\u00eatre \u00bb des organisations transpara\u00eet en cette p\u00e9riode plus clairement. Ainsi, ADP comme la SNCF se chargent du service d\u2019int\u00e9r\u00eat g\u00e9n\u00e9ral qui motive leur existence en permettant le transport des patients des zones en tension vers les r\u00e9gions les moins touch\u00e9es par l\u2019\u00e9pid\u00e9mie, les soci\u00e9t\u00e9s d\u2019agro-alimentaires et celles de la grande distribution permettent de continuer \u00e0 nourrir la population en p\u00e9riode de confinement, Thales met \u00e0 disposition son expertise en cyber-s\u00e9curit\u00e9 pour permettre aux h\u00f4pitaux d\u2019\u00e9chapper aux menaces d\u2019hackers cyniques, etc.<\/p>\n<p>Ces grands groupes, parfois oblig\u00e9s de mettre une partie de leurs collaborateurs au ch\u00f4mage partiel, concentrent le reste de leur activit\u00e9 sur les missions essentielles souvent \u00e0 haute utilit\u00e9 sociale. N\u2019est-ce pas l\u00e0 l\u2019occasion d\u2019identifier plus distinctement les v\u00e9ritables leviers qui pr\u00e9sident \u00e0 l\u2019activit\u00e9 de chaque entreprise, au-del\u00e0 des imp\u00e9ratifs de rentabilit\u00e9 financi\u00e8re, et de se pr\u00e9parer, \u00e0 adopter, demain, une raison d\u2019\u00eatre, voire \u00e0 devenir une entreprise \u00e0 mission comme la loi PACTE le permet d\u00e9j\u00e0 ?<\/p>\n<\/div><div class=\"fusion-title title fusion-title-4 fusion-sep-none fusion-title-text fusion-title-size-three\" style=\"--awb-margin-top:48px;--awb-margin-bottom:20px;--awb-margin-top-small:48px;\"><h3 class=\"fusion-title-heading title-heading-left fusion-responsive-typography-calculated\" style=\"margin:0;--fontSize:32;line-height:1.26;\">Demain, quels crit\u00e8res pour la d\u00e9cision ?<\/h3><\/div><div class=\"fusion-text fusion-text-6\" style=\"--awb-content-alignment:left;\"><p>On peut esp\u00e9rer que la catastrophe que l\u2019on vit actuellement conduira les entreprises \u00e0 s\u2019interroger sur l\u2019opportunit\u00e9 de se doter d\u2019une raison d\u2019\u00eatre, voire de devenir des entreprises \u00e0 mission. Cet \u00e9pisode trahit la vacuit\u00e9 d\u2019un mod\u00e8le \u00e9conomique uniquement bas\u00e9 sur la rationalit\u00e9 \u00e9conomique et le profit. Ainsi le choix du confinement a \u00e9t\u00e9 fait par une grande majorit\u00e9 des pays expos\u00e9s \u00e0 l\u2019\u00e9pid\u00e9mie, en d\u00e9pit des dommages cons\u00e9quents sur l\u2019\u00e9conomie que cette d\u00e9cision entra\u00eene.<\/p>\n<p>Preuve s\u2019il en fallait qu\u2019il n\u2019existe aucun fatalisme \u00e0 toujours consid\u00e9rer le crit\u00e8re \u00e9conomique ou financier comme le seul crit\u00e8re pertinent en dernier ressort. Cette situation devrait encourager les entreprises \u00e0 recourir de fa\u00e7on plus syst\u00e9matique \u00e0 l\u2019\u00e9thique comme m\u00e9thode d\u2019arbitrage entre les imp\u00e9ratifs \u00e9conomiques, \u00e9cologiques et sociaux. A une \u00e9chelle plus large, n\u2019est-ce pas un signe de la n\u00e9cessit\u00e9 d\u2019interroger \u00e9galement le mod\u00e8le \u00e9conomique connu de croissance infinie, dans un monde aux ressources finies ?<\/p>\n<p>C\u2019est tous ces chantiers qu\u2019il nous appartient d\u2019ouvrir demain et auxquels nous devrons apporter des r\u00e9ponses pour assurer, effectivement et sur le long-terme, la \u00ab r\u00e9silience \u00bb de nos soci\u00e9t\u00e9s et notre capacit\u00e9 \u00e0 construire ensemble un monde soutenable.<\/p>\n<\/div><\/div><\/div><\/div><\/div>\n","protected":false},"excerpt":{"rendered":"<h3 style=\"font-size:54px; line-height:1.14em; font-weight: 700; margin: 0 0 0 ;\">200%<\/h3>\n<p>Higher revenue from digital<\/p>\n","protected":false},"author":1,"featured_media":6454,"menu_order":0,"comment_status":"open","ping_status":"closed","template":"","format":"standard","meta":{"_monsterinsights_skip_tracking":false,"_monsterinsights_sitenote_active":false,"_monsterinsights_sitenote_note":"","_monsterinsights_sitenote_category":0,"_price":"","_stock":"","_tribe_ticket_header":"","_tribe_default_ticket_provider":"","_tribe_ticket_capacity":"0","_ticket_start_date":"","_ticket_end_date":"","_tribe_ticket_show_description":"","_tribe_ticket_show_not_going":false,"_tribe_ticket_use_global_stock":"","_tribe_ticket_global_stock_level":"","_global_stock_mode":"","_global_stock_cap":"","_tribe_rsvp_for_event":"","_tribe_ticket_going_count":"","_tribe_ticket_not_going_count":"","_tribe_tickets_list":[],"_tribe_ticket_has_attendee_info_fields":false},"portfolio_category":[176],"portfolio_skills":[],"portfolio_tags":[],"yoast_head":"<!-- This site is optimized with the Yoast SEO plugin v21.7 - https:\/\/yoast.com\/wordpress\/plugins\/seo\/ -->\n<title>L&#039;apr\u00e8s COVID-19 : l&#039;\u00e9thique comme boussole - Ar-imagetest-Cercle d&#039;\u00c9thique des Affaires<\/title>\n<meta name=\"robots\" content=\"index, follow, max-snippet:-1, max-image-preview:large, max-video-preview:-1\" \/>\n<link rel=\"canonical\" href=\"https:\/\/ar-imagetest.com\/cea\/cea-publications\/lapres-covid-19-lethique-comme-boussole\/\" \/>\n<meta property=\"og:locale\" content=\"fr_FR\" \/>\n<meta property=\"og:type\" content=\"article\" \/>\n<meta property=\"og:title\" content=\"L&#039;apr\u00e8s COVID-19 : l&#039;\u00e9thique comme boussole - Ar-imagetest-Cercle d&#039;\u00c9thique des Affaires\" \/>\n<meta property=\"og:description\" content=\"200% Higher revenue from digital\" \/>\n<meta property=\"og:url\" content=\"https:\/\/ar-imagetest.com\/cea\/cea-publications\/lapres-covid-19-lethique-comme-boussole\/\" \/>\n<meta property=\"og:site_name\" content=\"Ar-imagetest-Cercle d&#039;\u00c9thique des Affaires\" \/>\n<meta property=\"article:modified_time\" content=\"2021-01-17T00:00:23+00:00\" \/>\n<meta property=\"og:image\" content=\"https:\/\/ar-imagetest.com\/cea\/wp-content\/uploads\/2020\/12\/apres-covid-19.jpg\" \/>\n\t<meta property=\"og:image:width\" content=\"453\" \/>\n\t<meta property=\"og:image:height\" content=\"266\" \/>\n\t<meta property=\"og:image:type\" content=\"image\/jpeg\" \/>\n<meta name=\"twitter:card\" content=\"summary_large_image\" \/>\n<meta name=\"twitter:label1\" content=\"Dur\u00e9e de lecture estim\u00e9e\" \/>\n\t<meta name=\"twitter:data1\" content=\"16 minutes\" \/>\n<script type=\"application\/ld+json\" class=\"yoast-schema-graph\">{\"@context\":\"https:\/\/schema.org\",\"@graph\":[{\"@type\":\"WebPage\",\"@id\":\"https:\/\/ar-imagetest.com\/cea\/cea-publications\/lapres-covid-19-lethique-comme-boussole\/\",\"url\":\"https:\/\/ar-imagetest.com\/cea\/cea-publications\/lapres-covid-19-lethique-comme-boussole\/\",\"name\":\"L'apr\u00e8s COVID-19 : l'\u00e9thique comme boussole - Ar-imagetest-Cercle d&#039;\u00c9thique des Affaires\",\"isPartOf\":{\"@id\":\"https:\/\/ar-imagetest.com\/cea\/#website\"},\"datePublished\":\"2020-04-07T22:22:33+00:00\",\"dateModified\":\"2021-01-17T00:00:23+00:00\",\"breadcrumb\":{\"@id\":\"https:\/\/ar-imagetest.com\/cea\/cea-publications\/lapres-covid-19-lethique-comme-boussole\/#breadcrumb\"},\"inLanguage\":\"fr-FR\",\"potentialAction\":[{\"@type\":\"ReadAction\",\"target\":[\"https:\/\/ar-imagetest.com\/cea\/cea-publications\/lapres-covid-19-lethique-comme-boussole\/\"]}]},{\"@type\":\"BreadcrumbList\",\"@id\":\"https:\/\/ar-imagetest.com\/cea\/cea-publications\/lapres-covid-19-lethique-comme-boussole\/#breadcrumb\",\"itemListElement\":[{\"@type\":\"ListItem\",\"position\":1,\"name\":\"Home\",\"item\":\"https:\/\/ar-imagetest.com\/cea\/\"},{\"@type\":\"ListItem\",\"position\":2,\"name\":\"Portfolio\",\"item\":\"https:\/\/ar-imagetest.com\/cea\/cea-publications\/\"},{\"@type\":\"ListItem\",\"position\":3,\"name\":\"L&#8217;apr\u00e8s COVID-19 : l&#8217;\u00e9thique comme boussole\"}]},{\"@type\":\"WebSite\",\"@id\":\"https:\/\/ar-imagetest.com\/cea\/#website\",\"url\":\"https:\/\/ar-imagetest.com\/cea\/\",\"name\":\"Ar-imagetest-Cercle d&#039;\u00c9thique des Affaires\",\"description\":\"Ethique &amp; Conformit\u00e9 des Entreprises\",\"potentialAction\":[{\"@type\":\"SearchAction\",\"target\":{\"@type\":\"EntryPoint\",\"urlTemplate\":\"https:\/\/ar-imagetest.com\/cea\/?s={search_term_string}\"},\"query-input\":\"required name=search_term_string\"}],\"inLanguage\":\"fr-FR\"}]}<\/script>\n<!-- \/ Yoast SEO plugin. -->","yoast_head_json":{"title":"L'apr\u00e8s COVID-19 : l'\u00e9thique comme boussole - Ar-imagetest-Cercle d&#039;\u00c9thique des Affaires","robots":{"index":"index","follow":"follow","max-snippet":"max-snippet:-1","max-image-preview":"max-image-preview:large","max-video-preview":"max-video-preview:-1"},"canonical":"https:\/\/ar-imagetest.com\/cea\/cea-publications\/lapres-covid-19-lethique-comme-boussole\/","og_locale":"fr_FR","og_type":"article","og_title":"L'apr\u00e8s COVID-19 : l'\u00e9thique comme boussole - Ar-imagetest-Cercle d&#039;\u00c9thique des Affaires","og_description":"200% Higher revenue from digital","og_url":"https:\/\/ar-imagetest.com\/cea\/cea-publications\/lapres-covid-19-lethique-comme-boussole\/","og_site_name":"Ar-imagetest-Cercle d&#039;\u00c9thique des Affaires","article_modified_time":"2021-01-17T00:00:23+00:00","og_image":[{"width":453,"height":266,"url":"https:\/\/ar-imagetest.com\/cea\/wp-content\/uploads\/2020\/12\/apres-covid-19.jpg","type":"image\/jpeg"}],"twitter_card":"summary_large_image","twitter_misc":{"Dur\u00e9e de lecture estim\u00e9e":"16 minutes"},"schema":{"@context":"https:\/\/schema.org","@graph":[{"@type":"WebPage","@id":"https:\/\/ar-imagetest.com\/cea\/cea-publications\/lapres-covid-19-lethique-comme-boussole\/","url":"https:\/\/ar-imagetest.com\/cea\/cea-publications\/lapres-covid-19-lethique-comme-boussole\/","name":"L'apr\u00e8s COVID-19 : l'\u00e9thique comme boussole - Ar-imagetest-Cercle d&#039;\u00c9thique des Affaires","isPartOf":{"@id":"https:\/\/ar-imagetest.com\/cea\/#website"},"datePublished":"2020-04-07T22:22:33+00:00","dateModified":"2021-01-17T00:00:23+00:00","breadcrumb":{"@id":"https:\/\/ar-imagetest.com\/cea\/cea-publications\/lapres-covid-19-lethique-comme-boussole\/#breadcrumb"},"inLanguage":"fr-FR","potentialAction":[{"@type":"ReadAction","target":["https:\/\/ar-imagetest.com\/cea\/cea-publications\/lapres-covid-19-lethique-comme-boussole\/"]}]},{"@type":"BreadcrumbList","@id":"https:\/\/ar-imagetest.com\/cea\/cea-publications\/lapres-covid-19-lethique-comme-boussole\/#breadcrumb","itemListElement":[{"@type":"ListItem","position":1,"name":"Home","item":"https:\/\/ar-imagetest.com\/cea\/"},{"@type":"ListItem","position":2,"name":"Portfolio","item":"https:\/\/ar-imagetest.com\/cea\/cea-publications\/"},{"@type":"ListItem","position":3,"name":"L&#8217;apr\u00e8s COVID-19 : l&#8217;\u00e9thique comme boussole"}]},{"@type":"WebSite","@id":"https:\/\/ar-imagetest.com\/cea\/#website","url":"https:\/\/ar-imagetest.com\/cea\/","name":"Ar-imagetest-Cercle d&#039;\u00c9thique des Affaires","description":"Ethique &amp; Conformit\u00e9 des Entreprises","potentialAction":[{"@type":"SearchAction","target":{"@type":"EntryPoint","urlTemplate":"https:\/\/ar-imagetest.com\/cea\/?s={search_term_string}"},"query-input":"required name=search_term_string"}],"inLanguage":"fr-FR"}]}},"jetpack_sharing_enabled":true,"_links":{"self":[{"href":"https:\/\/ar-imagetest.com\/cea\/wp-json\/wp\/v2\/avada_portfolio\/6447"}],"collection":[{"href":"https:\/\/ar-imagetest.com\/cea\/wp-json\/wp\/v2\/avada_portfolio"}],"about":[{"href":"https:\/\/ar-imagetest.com\/cea\/wp-json\/wp\/v2\/types\/avada_portfolio"}],"author":[{"embeddable":true,"href":"https:\/\/ar-imagetest.com\/cea\/wp-json\/wp\/v2\/users\/1"}],"replies":[{"embeddable":true,"href":"https:\/\/ar-imagetest.com\/cea\/wp-json\/wp\/v2\/comments?post=6447"}],"version-history":[{"count":8,"href":"https:\/\/ar-imagetest.com\/cea\/wp-json\/wp\/v2\/avada_portfolio\/6447\/revisions"}],"predecessor-version":[{"id":6456,"href":"https:\/\/ar-imagetest.com\/cea\/wp-json\/wp\/v2\/avada_portfolio\/6447\/revisions\/6456"}],"wp:featuredmedia":[{"embeddable":true,"href":"https:\/\/ar-imagetest.com\/cea\/wp-json\/wp\/v2\/media\/6454"}],"wp:attachment":[{"href":"https:\/\/ar-imagetest.com\/cea\/wp-json\/wp\/v2\/media?parent=6447"}],"wp:term":[{"taxonomy":"portfolio_category","embeddable":true,"href":"https:\/\/ar-imagetest.com\/cea\/wp-json\/wp\/v2\/portfolio_category?post=6447"},{"taxonomy":"portfolio_skills","embeddable":true,"href":"https:\/\/ar-imagetest.com\/cea\/wp-json\/wp\/v2\/portfolio_skills?post=6447"},{"taxonomy":"portfolio_tags","embeddable":true,"href":"https:\/\/ar-imagetest.com\/cea\/wp-json\/wp\/v2\/portfolio_tags?post=6447"}],"curies":[{"name":"wp","href":"https:\/\/api.w.org\/{rel}","templated":true}]}}