{"id":433,"date":"2020-05-22T17:07:41","date_gmt":"2020-05-22T17:07:41","guid":{"rendered":"https:\/\/ar-imagetest.com\/cea\/?post_type=avada_portfolio&#038;p=433"},"modified":"2021-03-08T21:06:19","modified_gmt":"2021-03-08T21:06:19","slug":"lec-face-a-la-crise-sanitaire","status":"publish","type":"avada_portfolio","link":"https:\/\/ar-imagetest.com\/cea\/cea-publications\/lec-face-a-la-crise-sanitaire\/","title":{"rendered":"L\u2019E&#038;C face \u00e0 la crise sanitaire"},"content":{"rendered":"<div class=\"fusion-fullwidth fullwidth-box fusion-builder-row-1 fusion-flex-container nonhundred-percent-fullwidth non-hundred-percent-height-scrolling\" style=\"--awb-border-radius-top-left:0px;--awb-border-radius-top-right:0px;--awb-border-radius-bottom-right:0px;--awb-border-radius-bottom-left:0px;--awb-padding-right-small:0px;--awb-padding-left-small:0px;--awb-flex-wrap:wrap;\" ><div class=\"fusion-builder-row fusion-row fusion-flex-align-items-flex-start fusion-flex-justify-content-center fusion-flex-content-wrap\" style=\"max-width:1372.8px;margin-left: calc(-4% \/ 2 );margin-right: calc(-4% \/ 2 );\"><div class=\"fusion-layout-column fusion_builder_column fusion-builder-column-0 fusion_builder_column_2_3 2_3 fusion-flex-column\" style=\"--awb-bg-size:cover;--awb-width-large:66.666666666667%;--awb-margin-top-large:20px;--awb-spacing-right-large:2.88%;--awb-margin-bottom-large:20px;--awb-spacing-left-large:2.88%;--awb-width-medium:83.333333333333%;--awb-order-medium:0;--awb-spacing-right-medium:2.304%;--awb-spacing-left-medium:2.304%;--awb-width-small:100%;--awb-order-small:0;--awb-margin-top-small:0px;--awb-spacing-right-small:1.92%;--awb-spacing-left-small:1.92%;\"><div class=\"fusion-column-wrapper fusion-column-has-shadow fusion-flex-justify-content-flex-start fusion-content-layout-column\"><div class=\"fusion-text fusion-text-1\" style=\"--awb-content-alignment:left;\"><p><strong>La crise sanitaire et les mesures de confinement prises par les gouvernements \u00e0 travers le monde pour y r\u00e9pondre ont durablement affect\u00e9 l\u2019activit\u00e9 des entreprises, qu\u2019elle que soit leur taille et leur secteur d\u2019activit\u00e9. Contraintes de s\u2019adapter dans la pr\u00e9cipitation \u00e0 une situation jusqu\u2019alors inconnue, les organisations et leurs collaborateurs ont d\u00fb faire de leur mieux afin de trouver des solutions permettant une continuit\u00e9 d\u2019activit\u00e9 \u2013 m\u00eame partielle. Dans ce contexte exceptionnel, les responsables E&amp;C se sont \u00e9galement interrog\u00e9s : Comment accompagner de son mieux la transformation du travail induite par la crise ? Quelles t\u00e2ches prioriser et comment assurer une vigilance continue sur les sujets E&amp;C ? Qu\u2019enseigne cette crise pour les fonctions E&amp;C ? Tour d\u2019horizon des r\u00e9flexions au c\u0153ur de notre dernier atelier pratique.<\/strong><\/p>\n<\/div><div class=\"fusion-separator fusion-full-width-sep\" style=\"align-self: center;margin-left: auto;margin-right: auto;margin-bottom:24px;width:100%;\"><\/div><div class=\"fusion-title title fusion-title-1 fusion-sep-none fusion-title-text fusion-title-size-three\" style=\"--awb-margin-top:48px;--awb-margin-bottom:20px;--awb-margin-top-small:48px;\"><h3 class=\"fusion-title-heading title-heading-left fusion-responsive-typography-calculated\" style=\"margin:0;--fontSize:32;line-height:1.26;\">Accompagner la transformation du travail<\/h3><\/div><div class=\"fusion-text fusion-text-2\" style=\"--awb-content-alignment:left;\"><p>Hier, souvent r\u00e9serv\u00e9e aux cadres et g\u00e9n\u00e9ralement limit\u00e9e \u00e0 quelques jours par mois, la pratique du t\u00e9l\u00e9travail s\u2019est largement d\u00e9mocratis\u00e9e et a \u00e9t\u00e9 \u00e9tendue \u00e0 tous les collaborateurs pouvant y pr\u00e9tendre \u00e0 la faveur de la crise. Ce changement soudain et forc\u00e9 a demand\u00e9 de nombreux efforts d\u2019adaptation de la part des entreprises et de leurs collaborateurs &#8211; pas toujours pr\u00eats, capables ou \u00e9quip\u00e9s pour adopter cette pratique. Cette situation in\u00e9dite a conduit un nombre exceptionnellement important de salari\u00e9s, pr\u00e8s de 44% selon une r\u00e9cente \u00e9tude<sup><a href=\"http:\/\/courriercadres.com\/management\/confinement-44-des-salaries-sont-en-situation-de-detresse-psychologique-21042020\" target=\"_blank\" rel=\"noopener noreferrer\">1<\/a><\/sup> , \u00e0 \u00e9prouver une certaine d\u00e9tresse psychologique.<\/p>\n<p>Managers comme les autres, les responsables E&amp;C ont d\u00fb, comme tout un chacun, trouver des r\u00e9ponses pour concilier vie professionnelle et vie personnelle, t\u00e9l\u00e9travail et garde d\u2019enfant, encadrement des collaborateurs et n\u00e9cessaire autonomie<sup><span class=\"fusion-popover popover-1\" data-animation=\"1\" data-class=\"popover-1\" data-container=\"popover-1\" data-html-content=\"[2]Voir notamment l\u2019article de St\u00e9phanie Scouppe \u00ab L\u2019\u00e9thique en pleine crise du covid \u00bb, &lt;a href=&quot;https:\/\/www.linkedin.com\/pulse\/l%25C3%25A9thique-en-pleine-crise-du-covid-cercle-d-%25C3%25A9thique-des-affaires\/?trackingId=HNRxqdcCSuKohqMfvMPczw%3D%3D&quot;&gt;disponible ici&lt;\/a&gt;\" data-delay=\"50\" data-placement=\"top\" data-toggle=\"popover\" data-trigger=\"click\">2<\/span><\/sup>. Mais de par leur responsabilit\u00e9 certains sont all\u00e9s jusqu\u2019\u00e0 accompagner les fonctions RH dans la transformation du travail. Ainsi, certains responsables E&amp;C ont par exemple pris part \u00e0 la r\u00e9daction de mini-guides \u00e0 destination des managers pour exposer les bonnes pratiques de la gestion d\u2019\u00e9quipe en t\u00e9l\u00e9travail :\u00ab Communiquer tous les jours avec ses \u00e9quipes \u00bb, \u00ab Communiquer avec chacun des membres de son \u00e9quipe au moins une fois par semaine \u00bb, etc. Des rappels qui peuvent sembler \u00e9vidents mais qui restent utiles.<\/p>\n<p>De m\u00eame, pour les responsables E&amp;C en charge de la protection des donn\u00e9es personnelles, la n\u00e9cessit\u00e9 de mettre en place des traitements de donn\u00e9es m\u00e9dicales visant les collaborateurs afin de limiter la propagation du virus au sein de l\u2019entreprise demande une attention et une vigilance renouvel\u00e9e. Pour les y aider, la CNIL a communiqu\u00e9 un rappel des bonnes pratiques dans ce contexte<sup><a href=\"https:\/\/www.cnil.fr\/fr\/coronavirus-covid-19-les-rappels-de-la-cnil-sur-la-collecte-de-donnees-personnelles-par-les\" target=\"_blank\" rel=\"noopener noreferrer\">3<\/a><\/sup>.<\/p>\n<\/div><div class=\"fusion-title title fusion-title-2 fusion-sep-none fusion-title-text fusion-title-size-three\" style=\"--awb-margin-top:48px;--awb-margin-bottom:20px;--awb-margin-top-small:48px;\"><h3 class=\"fusion-title-heading title-heading-left fusion-responsive-typography-calculated\" style=\"margin:0;--fontSize:32;line-height:1.26;\">Prioriser les t\u00e2ches essentielles<\/h3><\/div><div class=\"fusion-text fusion-text-3\" style=\"--awb-content-alignment:left;\"><p>Au-del\u00e0 des r\u00e9actions impos\u00e9es par la crise sanitaire, les responsables E&amp;C ont \u00e9galement d\u00fb veiller \u00e0 la bonne conduite de leurs missions coutumi\u00e8res et ce, malgr\u00e9 les contraintes dues notamment au mode de travail \u00e0 distance. Comment continuer \u00e0 former des collaborateurs \u00e0 l\u2019\u00e9thique alors que la plupart sont confin\u00e9s chez eux ? Comment proc\u00e9der aux enqu\u00eates internes dans ce contexte ?<\/p>\n<p>L\u00e0-encore il a fallu faire preuve d\u2019inventivit\u00e9 et de pragmatisme. Ainsi si les formations longues, d\u2019une journ\u00e9e ou plus, ont g\u00e9n\u00e9ralement d\u00fb \u00eatre report\u00e9es sine die, celles qui le pouvaient ont \u00e9t\u00e9 divis\u00e9es en plus petits modules et transform\u00e9es en webinar. Pour que ceux-ci soient plaisants \u00e0 suivre et \u00e0 animer il convient de ne pas d\u00e9passer la dizaine de participants et de limiter l\u2019exercice \u00e0 une heure et demie. En outre certaines solutions num\u00e9riques permettent d\u00e9sormais de gamifier ce type d\u2019intervention pour les rendre plus participatives et dynamiques.<\/p>\n<p>Plus prioritaires, les enqu\u00eates internes ont pu \u00eatre stopp\u00e9es dans les premiers jours suivants l\u2019annonce des mesures de confinement. Le temps de mettre en place une proc\u00e9dure qui permette de s\u2019assurer que l\u2019on ne s\u2019\u00e9loigne pas trop de la date de commission des \u00e9ventuels faits d\u00e9lictueux tout en respectant le droit \u00e0 des auditions de qualit\u00e9 pour les lanceurs d\u2019alerte, les t\u00e9moins comme les personnes vis\u00e9es par des all\u00e9gations. Sauf temps contraint ou n\u00e9cessit\u00e9 imp\u00e9rieuse, une bonne pratique semble, pour le moment, de soumettre les auditions virtuelles \u00e0 un principe de volontariat et de libre consentement pour toutes les parties.<\/p>\n<p>Enfin, certaines t\u00e2ches comme le monitoring des tiers et des fournisseurs ne peuvent pas attendre. Notamment pour les entreprises qui ont vu une recrudescence d\u2019activit\u00e9 ou l\u2019arriv\u00e9e de nouveaux fournisseurs inconnus en p\u00e9riode habituelle, comme par exemple les soci\u00e9t\u00e9s de vente de masques\u2026<\/p>\n<\/div><div class=\"fusion-title title fusion-title-3 fusion-sep-none fusion-title-text fusion-title-size-three\" style=\"--awb-margin-top:48px;--awb-margin-bottom:20px;--awb-margin-top-small:48px;\"><h3 class=\"fusion-title-heading title-heading-left fusion-responsive-typography-calculated\" style=\"margin:0;--fontSize:32;line-height:1.26;\">R\u00e9fl\u00e9chir aux chantiers de l\u2019apr\u00e8s-crise<\/h3><\/div><div class=\"fusion-text fusion-text-4\" style=\"--awb-content-alignment:left;\"><p>Une fois les t\u00e2ches essentielles assur\u00e9es, il appartient \u00e9galement aux responsables E&amp;C d\u2019envisager d\u00e8s \u00e0 pr\u00e9sent quels seront les chantiers prioritaires pour demain. Ainsi il appara\u00eet clairement que le sujet de la protection de l\u2019environnement sera bient\u00f4t au c\u0153ur des r\u00e9flexions strat\u00e9giques des entreprises<a href=\"https:\/\/www.novethic.fr\/actualite\/entreprise-responsable\/isr-rse\/les-grands-patrons-appellent-a-mettre-l-environnement-au-c-ur-de-la-reprise-148513.html\" target=\"_blank\" rel=\"noopener noreferrer\"><sup>4<\/sup><\/a> et qu\u2019il appartient aux responsables E&amp;C de porter leur voix sur ce sujet.<\/p>\n<p>La crise ayant men\u00e9 \u00e0 une contraction brutale de l\u2019activit\u00e9 pour la plupart des acteurs \u00e9conomiques, les r\u00e9flexions ayant trait aux valeurs fondamentales de l\u2019entreprise et plus encore, \u00e0 leur raison d\u2019\u00eatre ont \u00e9t\u00e9 raviv\u00e9es et se sont pr\u00e9sent\u00e9es sous un jour nouveau. Comme le CEA l\u2019affirmait d\u00e9j\u00e0 au d\u00e9but du mois d\u2019avril<sup><span class=\"fusion-popover popover-2\" data-animation=\"1\" data-class=\"popover-2\" data-container=\"popover-2\" data-html-content=\"[5] Voir l\u2019article, \u00ab L\u2019apr\u00e8s covid19 : l\u2019\u00e9thique comme boussole \u00bb, &lt;a href=&quot;https:\/\/www.linkedin.com\/pulse\/lapr%C3%A8s-covid-19-l%C3%A9thique-comme-boussole-cercle-d-%C3%A9thique-des-affaires\/&quot; target=&quot;_blank&quot; rel=&quot;noopener&quot;&gt;disponible ici&lt;\/a&gt;\" data-delay=\"50\" data-placement=\"top\" data-toggle=\"popover\" data-trigger=\"click\">5<\/span><\/sup>, le temps n\u2019est-il pas d\u00e9sormais venu pour les responsables E&amp;C de s\u2019interroger \u00ab sur les v\u00e9ritables leviers qui pr\u00e9sident \u00e0 l\u2019activit\u00e9 de chaque entreprise, au-del\u00e0 des imp\u00e9ratifs de rentabilit\u00e9 financi\u00e8re \u00bb et de pr\u00e9parer leur entreprise \u00ab \u00e0 adopter demain une raison d\u2019\u00eatre, voire \u00e0 devenir une entreprise \u00e0 mission comme la loi PACTE le permet d\u00e9j\u00e0 \u00bb ?<\/p>\n<p>Cons\u00e9quence directe de la crise sanitaire enfin, les risques li\u00e9s au d\u00e9ploiement massif du t\u00e9l\u00e9travail doivent \u00e9galement \u00eatre correctement identifi\u00e9s et des r\u00e9ponses doivent d\u2019ores et d\u00e9j\u00e0 \u00eatre imagin\u00e9es\u2026 Comment en effet se pr\u00e9munir contre le risque de rupture d\u2019\u00e9galit\u00e9 qui existe entre collaborateurs \u00e9ligibles au t\u00e9l\u00e9travail et collaborateurs non-\u00e9ligibles ? Comment pr\u00e9venir la survenance de risques psycho-sociaux pour les collaborateurs astreints au t\u00e9l\u00e9travail ? Et comment s\u2019assurer, dans ces conditions, de la persistance de la culture d\u2019entreprise, n\u00e9cessaire \u00e0 la bonne diffusion de l\u2019\u00e9thique ?<\/p>\n<p>Si la crise sanitaire a pu ralentir l\u2019activit\u00e9 de certains responsables E&amp;C ces derniers temps, aucun doute que les prochaines semaines seront, quant \u00e0 elles, charg\u00e9es, \u00e0 la vue de la diversit\u00e9 des sujets \u00e0 traiter.<\/p>\n<\/div><\/div><\/div><\/div><\/div>\n","protected":false},"excerpt":{"rendered":"<h3 style=\"font-size:54px; line-height:1.14em; font-weight: 700; margin: 0 0 0 ;\">200%<\/h3>\n<p>Higher revenue from digital<\/p>\n","protected":false},"author":1,"featured_media":6348,"menu_order":0,"comment_status":"open","ping_status":"closed","template":"","format":"standard","meta":{"_monsterinsights_skip_tracking":false,"_monsterinsights_sitenote_active":false,"_monsterinsights_sitenote_note":"","_monsterinsights_sitenote_category":0,"_price":"","_stock":"","_tribe_ticket_header":"","_tribe_default_ticket_provider":"","_tribe_ticket_capacity":"0","_ticket_start_date":"","_ticket_end_date":"","_tribe_ticket_show_description":"","_tribe_ticket_show_not_going":false,"_tribe_ticket_use_global_stock":"","_tribe_ticket_global_stock_level":"","_global_stock_mode":"","_global_stock_cap":"","_tribe_rsvp_for_event":"","_tribe_ticket_going_count":"","_tribe_ticket_not_going_count":"","_tribe_tickets_list":[],"_tribe_ticket_has_attendee_info_fields":false},"portfolio_category":[173],"portfolio_skills":[],"portfolio_tags":[198],"yoast_head":"<!-- This site is optimized with the Yoast SEO plugin v21.7 - https:\/\/yoast.com\/wordpress\/plugins\/seo\/ -->\n<title>L\u2019E&amp;C face \u00e0 la crise sanitaire - Ar-imagetest-Cercle d&#039;\u00c9thique des Affaires<\/title>\n<meta name=\"robots\" content=\"index, follow, max-snippet:-1, max-image-preview:large, max-video-preview:-1\" \/>\n<link rel=\"canonical\" href=\"https:\/\/ar-imagetest.com\/cea\/cea-publications\/lec-face-a-la-crise-sanitaire\/\" \/>\n<meta property=\"og:locale\" content=\"fr_FR\" \/>\n<meta property=\"og:type\" content=\"article\" \/>\n<meta property=\"og:title\" content=\"L\u2019E&amp;C face \u00e0 la crise sanitaire - Ar-imagetest-Cercle d&#039;\u00c9thique des Affaires\" \/>\n<meta property=\"og:description\" content=\"200% Higher revenue from digital\" \/>\n<meta property=\"og:url\" content=\"https:\/\/ar-imagetest.com\/cea\/cea-publications\/lec-face-a-la-crise-sanitaire\/\" \/>\n<meta property=\"og:site_name\" content=\"Ar-imagetest-Cercle d&#039;\u00c9thique des Affaires\" \/>\n<meta property=\"article:modified_time\" content=\"2021-03-08T21:06:19+00:00\" \/>\n<meta property=\"og:image\" content=\"https:\/\/ar-imagetest.com\/cea\/wp-content\/uploads\/2020\/06\/brian-mcgowan-GmKHxZZJcb4-unsplash_modif-1.jpg\" \/>\n\t<meta property=\"og:image:width\" content=\"1616\" \/>\n\t<meta property=\"og:image:height\" content=\"1077\" \/>\n\t<meta property=\"og:image:type\" content=\"image\/jpeg\" \/>\n<meta name=\"twitter:card\" content=\"summary_large_image\" \/>\n<meta name=\"twitter:label1\" content=\"Dur\u00e9e de lecture estim\u00e9e\" \/>\n\t<meta name=\"twitter:data1\" content=\"12 minutes\" \/>\n<script type=\"application\/ld+json\" class=\"yoast-schema-graph\">{\"@context\":\"https:\/\/schema.org\",\"@graph\":[{\"@type\":\"WebPage\",\"@id\":\"https:\/\/ar-imagetest.com\/cea\/cea-publications\/lec-face-a-la-crise-sanitaire\/\",\"url\":\"https:\/\/ar-imagetest.com\/cea\/cea-publications\/lec-face-a-la-crise-sanitaire\/\",\"name\":\"L\u2019E&C face \u00e0 la crise sanitaire - Ar-imagetest-Cercle d&#039;\u00c9thique des Affaires\",\"isPartOf\":{\"@id\":\"https:\/\/ar-imagetest.com\/cea\/#website\"},\"datePublished\":\"2020-05-22T17:07:41+00:00\",\"dateModified\":\"2021-03-08T21:06:19+00:00\",\"breadcrumb\":{\"@id\":\"https:\/\/ar-imagetest.com\/cea\/cea-publications\/lec-face-a-la-crise-sanitaire\/#breadcrumb\"},\"inLanguage\":\"fr-FR\",\"potentialAction\":[{\"@type\":\"ReadAction\",\"target\":[\"https:\/\/ar-imagetest.com\/cea\/cea-publications\/lec-face-a-la-crise-sanitaire\/\"]}]},{\"@type\":\"BreadcrumbList\",\"@id\":\"https:\/\/ar-imagetest.com\/cea\/cea-publications\/lec-face-a-la-crise-sanitaire\/#breadcrumb\",\"itemListElement\":[{\"@type\":\"ListItem\",\"position\":1,\"name\":\"Home\",\"item\":\"https:\/\/ar-imagetest.com\/cea\/\"},{\"@type\":\"ListItem\",\"position\":2,\"name\":\"Portfolio\",\"item\":\"https:\/\/ar-imagetest.com\/cea\/cea-publications\/\"},{\"@type\":\"ListItem\",\"position\":3,\"name\":\"L\u2019E&#038;C face \u00e0 la crise sanitaire\"}]},{\"@type\":\"WebSite\",\"@id\":\"https:\/\/ar-imagetest.com\/cea\/#website\",\"url\":\"https:\/\/ar-imagetest.com\/cea\/\",\"name\":\"Ar-imagetest-Cercle d&#039;\u00c9thique des Affaires\",\"description\":\"Ethique &amp; Conformit\u00e9 des Entreprises\",\"potentialAction\":[{\"@type\":\"SearchAction\",\"target\":{\"@type\":\"EntryPoint\",\"urlTemplate\":\"https:\/\/ar-imagetest.com\/cea\/?s={search_term_string}\"},\"query-input\":\"required name=search_term_string\"}],\"inLanguage\":\"fr-FR\"}]}<\/script>\n<!-- \/ Yoast SEO plugin. -->","yoast_head_json":{"title":"L\u2019E&C face \u00e0 la crise sanitaire - Ar-imagetest-Cercle d&#039;\u00c9thique des Affaires","robots":{"index":"index","follow":"follow","max-snippet":"max-snippet:-1","max-image-preview":"max-image-preview:large","max-video-preview":"max-video-preview:-1"},"canonical":"https:\/\/ar-imagetest.com\/cea\/cea-publications\/lec-face-a-la-crise-sanitaire\/","og_locale":"fr_FR","og_type":"article","og_title":"L\u2019E&C face \u00e0 la crise sanitaire - Ar-imagetest-Cercle d&#039;\u00c9thique des Affaires","og_description":"200% Higher revenue from digital","og_url":"https:\/\/ar-imagetest.com\/cea\/cea-publications\/lec-face-a-la-crise-sanitaire\/","og_site_name":"Ar-imagetest-Cercle d&#039;\u00c9thique des Affaires","article_modified_time":"2021-03-08T21:06:19+00:00","og_image":[{"width":1616,"height":1077,"url":"https:\/\/ar-imagetest.com\/cea\/wp-content\/uploads\/2020\/06\/brian-mcgowan-GmKHxZZJcb4-unsplash_modif-1.jpg","type":"image\/jpeg"}],"twitter_card":"summary_large_image","twitter_misc":{"Dur\u00e9e de lecture estim\u00e9e":"12 minutes"},"schema":{"@context":"https:\/\/schema.org","@graph":[{"@type":"WebPage","@id":"https:\/\/ar-imagetest.com\/cea\/cea-publications\/lec-face-a-la-crise-sanitaire\/","url":"https:\/\/ar-imagetest.com\/cea\/cea-publications\/lec-face-a-la-crise-sanitaire\/","name":"L\u2019E&C face \u00e0 la crise sanitaire - Ar-imagetest-Cercle d&#039;\u00c9thique des Affaires","isPartOf":{"@id":"https:\/\/ar-imagetest.com\/cea\/#website"},"datePublished":"2020-05-22T17:07:41+00:00","dateModified":"2021-03-08T21:06:19+00:00","breadcrumb":{"@id":"https:\/\/ar-imagetest.com\/cea\/cea-publications\/lec-face-a-la-crise-sanitaire\/#breadcrumb"},"inLanguage":"fr-FR","potentialAction":[{"@type":"ReadAction","target":["https:\/\/ar-imagetest.com\/cea\/cea-publications\/lec-face-a-la-crise-sanitaire\/"]}]},{"@type":"BreadcrumbList","@id":"https:\/\/ar-imagetest.com\/cea\/cea-publications\/lec-face-a-la-crise-sanitaire\/#breadcrumb","itemListElement":[{"@type":"ListItem","position":1,"name":"Home","item":"https:\/\/ar-imagetest.com\/cea\/"},{"@type":"ListItem","position":2,"name":"Portfolio","item":"https:\/\/ar-imagetest.com\/cea\/cea-publications\/"},{"@type":"ListItem","position":3,"name":"L\u2019E&#038;C face \u00e0 la crise sanitaire"}]},{"@type":"WebSite","@id":"https:\/\/ar-imagetest.com\/cea\/#website","url":"https:\/\/ar-imagetest.com\/cea\/","name":"Ar-imagetest-Cercle d&#039;\u00c9thique des Affaires","description":"Ethique &amp; Conformit\u00e9 des Entreprises","potentialAction":[{"@type":"SearchAction","target":{"@type":"EntryPoint","urlTemplate":"https:\/\/ar-imagetest.com\/cea\/?s={search_term_string}"},"query-input":"required name=search_term_string"}],"inLanguage":"fr-FR"}]}},"jetpack_sharing_enabled":true,"_links":{"self":[{"href":"https:\/\/ar-imagetest.com\/cea\/wp-json\/wp\/v2\/avada_portfolio\/433"}],"collection":[{"href":"https:\/\/ar-imagetest.com\/cea\/wp-json\/wp\/v2\/avada_portfolio"}],"about":[{"href":"https:\/\/ar-imagetest.com\/cea\/wp-json\/wp\/v2\/types\/avada_portfolio"}],"author":[{"embeddable":true,"href":"https:\/\/ar-imagetest.com\/cea\/wp-json\/wp\/v2\/users\/1"}],"replies":[{"embeddable":true,"href":"https:\/\/ar-imagetest.com\/cea\/wp-json\/wp\/v2\/comments?post=433"}],"version-history":[{"count":20,"href":"https:\/\/ar-imagetest.com\/cea\/wp-json\/wp\/v2\/avada_portfolio\/433\/revisions"}],"predecessor-version":[{"id":3643,"href":"https:\/\/ar-imagetest.com\/cea\/wp-json\/wp\/v2\/avada_portfolio\/433\/revisions\/3643"}],"wp:featuredmedia":[{"embeddable":true,"href":"https:\/\/ar-imagetest.com\/cea\/wp-json\/wp\/v2\/media\/6348"}],"wp:attachment":[{"href":"https:\/\/ar-imagetest.com\/cea\/wp-json\/wp\/v2\/media?parent=433"}],"wp:term":[{"taxonomy":"portfolio_category","embeddable":true,"href":"https:\/\/ar-imagetest.com\/cea\/wp-json\/wp\/v2\/portfolio_category?post=433"},{"taxonomy":"portfolio_skills","embeddable":true,"href":"https:\/\/ar-imagetest.com\/cea\/wp-json\/wp\/v2\/portfolio_skills?post=433"},{"taxonomy":"portfolio_tags","embeddable":true,"href":"https:\/\/ar-imagetest.com\/cea\/wp-json\/wp\/v2\/portfolio_tags?post=433"}],"curies":[{"name":"wp","href":"https:\/\/api.w.org\/{rel}","templated":true}]}}